{"version":"1.0","provider_name":"Edumas","provider_url":"https:\/\/edumas.gov.co\/inicio","author_name":"edumas","author_url":"https:\/\/edumas.gov.co\/inicio\/author\/edumas\/","title":"D\u00eda Mundial Contra la Desertificaci\u00f3n y la Sequ\u00eda - Edumas","type":"rich","width":600,"height":338,"html":"<blockquote class=\"wp-embedded-content\" data-secret=\"OVrpNIIBab\"><a href=\"https:\/\/edumas.gov.co\/inicio\/2024\/06\/17\/dia-mundial-contra-la-desertificacion-y-la-sequia\/\">D\u00eda Mundial Contra la Desertificaci\u00f3n y la Sequ\u00eda<\/a><\/blockquote><iframe sandbox=\"allow-scripts\" security=\"restricted\" src=\"https:\/\/edumas.gov.co\/inicio\/2024\/06\/17\/dia-mundial-contra-la-desertificacion-y-la-sequia\/embed\/#?secret=OVrpNIIBab\" width=\"600\" height=\"338\" title=\"\u00abD\u00eda Mundial Contra la Desertificaci\u00f3n y la Sequ\u00eda\u00bb \u2014 Edumas\" data-secret=\"OVrpNIIBab\" frameborder=\"0\" marginwidth=\"0\" marginheight=\"0\" scrolling=\"no\" class=\"wp-embedded-content\"><\/iframe><script>\n\/*! This file is auto-generated *\/\n!function(d,l){\"use strict\";l.querySelector&&d.addEventListener&&\"undefined\"!=typeof URL&&(d.wp=d.wp||{},d.wp.receiveEmbedMessage||(d.wp.receiveEmbedMessage=function(e){var t=e.data;if((t||t.secret||t.message||t.value)&&!\/[^a-zA-Z0-9]\/.test(t.secret)){for(var s,r,n,a=l.querySelectorAll('iframe[data-secret=\"'+t.secret+'\"]'),o=l.querySelectorAll('blockquote[data-secret=\"'+t.secret+'\"]'),c=new RegExp(\"^https?:$\",\"i\"),i=0;i<o.length;i++)o[i].style.display=\"none\";for(i=0;i<a.length;i++)s=a[i],e.source===s.contentWindow&&(s.removeAttribute(\"style\"),\"height\"===t.message?(1e3<(r=parseInt(t.value,10))?r=1e3:~~r<200&&(r=200),s.height=r):\"link\"===t.message&&(r=new URL(s.getAttribute(\"src\")),n=new URL(t.value),c.test(n.protocol))&&n.host===r.host&&l.activeElement===s&&(d.top.location.href=t.value))}},d.addEventListener(\"message\",d.wp.receiveEmbedMessage,!1),l.addEventListener(\"DOMContentLoaded\",function(){for(var e,t,s=l.querySelectorAll(\"iframe.wp-embedded-content\"),r=0;r<s.length;r++)(t=(e=s[r]).getAttribute(\"data-secret\"))||(t=Math.random().toString(36).substring(2,12),e.src+=\"#?secret=\"+t,e.setAttribute(\"data-secret\",t)),e.contentWindow.postMessage({message:\"ready\",secret:t},\"*\")},!1)))}(window,document);\n\/\/# sourceURL=https:\/\/edumas.gov.co\/wp-includes\/js\/wp-embed.min.js\n<\/script>\n","thumbnail_url":"https:\/\/edumas.gov.co\/wp-content\/uploads\/2024\/11\/WEB-Fechas-ambientales-2024-13.png","thumbnail_width":1280,"thumbnail_height":600,"description":"Junio 17 &#8211; La desertificaci\u00f3n, junto con el cambio clim\u00e1tico y la p\u00e9rdida de biodiversidad, se identificaron como los mayores desaf\u00edos para el desarrollo sostenible durante la Cumbre de la Tierra de R\u00edo de 1992. Dos a\u00f1os despu\u00e9s, en 1994, la Asamblea General estableci\u00f3 la\u00a0Convenci\u00f3n de las Naciones Unidas para Combatir la Desertificaci\u00f3n (CNULD-UNCCD)\u00a0, el [&hellip;]"}