{"id":151,"date":"2023-09-04T19:25:42","date_gmt":"2023-09-04T19:25:42","guid":{"rendered":"https:\/\/test.edumas.gov.co\/?page_id=151"},"modified":"2026-07-30T16:35:28","modified_gmt":"2026-07-30T16:35:28","slug":"elementor-151","status":"publish","type":"page","link":"https:\/\/edumas.gov.co\/inicio\/","title":{"rendered":"Inicio"},"content":{"rendered":"\t\t<div data-elementor-type=\"wp-page\" data-elementor-id=\"151\" class=\"elementor elementor-151\" data-elementor-post-type=\"page\">\n\t\t\t\t\t\t<section class=\"elementor-section elementor-top-section elementor-element elementor-element-280732eb elementor-section-full_width elementor-section-content-middle elementor-section-stretched elementor-section-height-default elementor-section-height-default\" data-id=\"280732eb\" data-element_type=\"section\" data-settings=\"{&quot;background_background&quot;:&quot;video&quot;,&quot;background_video_link&quot;:&quot;https:\\\/\\\/edumas.gov.co\\\/wp-content\\\/uploads\\\/2023\\\/09\\\/video-cabica_2.mp4&quot;,&quot;background_play_on_mobile&quot;:&quot;yes&quot;,&quot;stretch_section&quot;:&quot;section-stretched&quot;}\">\n\t\t\t\t\t\t\t\t<div class=\"elementor-background-video-container\">\n\t\t\t\t\t\t\t\t\t\t\t\t\t<video class=\"elementor-background-video-hosted\" autoplay muted playsinline loop><\/video>\n\t\t\t\t\t\t\t\t\t\t\t<\/div>\n\t\t\t\t\t\t\t\t\t<div class=\"elementor-background-overlay\"><\/div>\n\t\t\t\t\t\t\t<div class=\"elementor-container elementor-column-gap-default\">\n\t\t\t\t\t<div class=\"elementor-column elementor-col-100 elementor-top-column elementor-element elementor-element-53ddb06d\" data-id=\"53ddb06d\" data-element_type=\"column\" data-settings=\"{&quot;background_background&quot;:&quot;classic&quot;}\">\n\t\t\t<div class=\"elementor-widget-wrap elementor-element-populated\">\n\t\t\t\t\t\t<div class=\"elementor-element elementor-element-711ec1da elementor-align-justify elementor-widget__width-initial elementor-invisible elementor-widget elementor-widget-button\" data-id=\"711ec1da\" data-element_type=\"widget\" data-settings=\"{&quot;_animation&quot;:&quot;fadeInLeft&quot;}\" data-widget_type=\"button.default\">\n\t\t\t\t<div class=\"elementor-widget-container\">\n\t\t\t\t\t\t\t\t\t<div class=\"elementor-button-wrapper\">\n\t\t\t\t\t<a class=\"elementor-button elementor-button-link elementor-size-lg\" href=\"https:\/\/checkout.wompi.co\/l\/zmuAMR\">\n\t\t\t\t\t\t<span class=\"elementor-button-content-wrapper\">\n\t\t\t\t\t\t\t\t\t<span class=\"elementor-button-text\">PAGUE AQU\u00cd<\/span>\n\t\t\t\t\t<\/span>\n\t\t\t\t\t<\/a>\n\t\t\t\t<\/div>\n\t\t\t\t\t\t\t\t<\/div>\n\t\t\t\t<\/div>\n\t\t\t\t<div class=\"elementor-element elementor-element-3bf66e0a elementor-align-justify elementor-widget__width-initial elementor-invisible elementor-widget elementor-widget-button\" data-id=\"3bf66e0a\" data-element_type=\"widget\" data-settings=\"{&quot;_animation&quot;:&quot;fadeInRight&quot;}\" data-widget_type=\"button.default\">\n\t\t\t\t<div class=\"elementor-widget-container\">\n\t\t\t\t\t\t\t\t\t<div class=\"elementor-button-wrapper\">\n\t\t\t\t\t<a class=\"elementor-button elementor-button-link elementor-size-lg\" href=\"https:\/\/pqrds.edumas.gov.co\/\">\n\t\t\t\t\t\t<span class=\"elementor-button-content-wrapper\">\n\t\t\t\t\t\t\t\t\t<span class=\"elementor-button-text\">PQRSD<\/span>\n\t\t\t\t\t<\/span>\n\t\t\t\t\t<\/a>\n\t\t\t\t<\/div>\n\t\t\t\t\t\t\t\t<\/div>\n\t\t\t\t<\/div>\n\t\t\t\t\t<\/div>\n\t\t<\/div>\n\t\t\t\t\t<\/div>\n\t\t<\/section>\n\t\t\t\t<section class=\"elementor-section elementor-top-section elementor-element elementor-element-5c413626 elementor-section-boxed elementor-section-height-default elementor-section-height-default\" data-id=\"5c413626\" data-element_type=\"section\" data-settings=\"{&quot;background_background&quot;:&quot;classic&quot;}\">\n\t\t\t\t\t\t<div class=\"elementor-container elementor-column-gap-default\">\n\t\t\t\t\t<div class=\"elementor-column elementor-col-100 elementor-top-column elementor-element elementor-element-16d0846a\" data-id=\"16d0846a\" data-element_type=\"column\">\n\t\t\t<div class=\"elementor-widget-wrap elementor-element-populated\">\n\t\t\t\t\t\t<section class=\"elementor-section elementor-inner-section elementor-element elementor-element-4bfa4141 elementor-section-boxed elementor-section-height-default elementor-section-height-default\" data-id=\"4bfa4141\" data-element_type=\"section\">\n\t\t\t\t\t\t<div class=\"elementor-container elementor-column-gap-default\">\n\t\t\t\t\t<div class=\"elementor-column elementor-col-25 elementor-inner-column elementor-element elementor-element-8a0cff9\" data-id=\"8a0cff9\" data-element_type=\"column\">\n\t\t\t<div class=\"elementor-widget-wrap elementor-element-populated\">\n\t\t\t\t\t\t<div class=\"elementor-element elementor-element-12235faa elementor-view-stacked elementor-shape-circle elementor-position-top elementor-mobile-position-top elementor-widget elementor-widget-icon-box\" data-id=\"12235faa\" data-element_type=\"widget\" data-widget_type=\"icon-box.default\">\n\t\t\t\t<div class=\"elementor-widget-container\">\n\t\t\t\t\t\t\t<div class=\"elementor-icon-box-wrapper\">\n\n\t\t\t\t\t\t<div class=\"elementor-icon-box-icon\">\n\t\t\t\t<a href=\"https:\/\/edumas.gov.co\/servicios\/\" class=\"elementor-icon\" tabindex=\"-1\" aria-label=\"sERVICIOS\">\n\t\t\t\t<i aria-hidden=\"true\" class=\"far fa-folder-open\"><\/i>\t\t\t\t<\/a>\n\t\t\t<\/div>\n\t\t\t\n\t\t\t\t\t\t<div class=\"elementor-icon-box-content\">\n\n\t\t\t\t\t\t\t\t\t<div class=\"elementor-icon-box-title\">\n\t\t\t\t\t\t<a href=\"https:\/\/edumas.gov.co\/servicios\/\" >\n\t\t\t\t\t\t\tsERVICIOS\t\t\t\t\t\t<\/a>\n\t\t\t\t\t<\/div>\n\t\t\t\t\n\t\t\t\t\n\t\t\t<\/div>\n\t\t\t\n\t\t<\/div>\n\t\t\t\t\t\t<\/div>\n\t\t\t\t<\/div>\n\t\t\t\t\t<\/div>\n\t\t<\/div>\n\t\t\t\t<div class=\"elementor-column elementor-col-25 elementor-inner-column elementor-element elementor-element-49f9073b\" data-id=\"49f9073b\" data-element_type=\"column\">\n\t\t\t<div class=\"elementor-widget-wrap elementor-element-populated\">\n\t\t\t\t\t\t<div class=\"elementor-element elementor-element-248eff95 elementor-view-stacked elementor-shape-circle elementor-position-top elementor-mobile-position-top elementor-widget elementor-widget-icon-box\" data-id=\"248eff95\" data-element_type=\"widget\" data-widget_type=\"icon-box.default\">\n\t\t\t\t<div class=\"elementor-widget-container\">\n\t\t\t\t\t\t\t<div class=\"elementor-icon-box-wrapper\">\n\n\t\t\t\t\t\t<div class=\"elementor-icon-box-icon\">\n\t\t\t\t<a href=\"https:\/\/edumas.gov.co\/inicio\/notificaciones-por-edicto\/\" class=\"elementor-icon\" tabindex=\"-1\" aria-label=\"Notificaciones \">\n\t\t\t\t<i aria-hidden=\"true\" class=\"far fa-bell\"><\/i>\t\t\t\t<\/a>\n\t\t\t<\/div>\n\t\t\t\n\t\t\t\t\t\t<div class=\"elementor-icon-box-content\">\n\n\t\t\t\t\t\t\t\t\t<div class=\"elementor-icon-box-title\">\n\t\t\t\t\t\t<a href=\"https:\/\/edumas.gov.co\/inicio\/notificaciones-por-edicto\/\" >\n\t\t\t\t\t\t\tNotificaciones \t\t\t\t\t\t<\/a>\n\t\t\t\t\t<\/div>\n\t\t\t\t\n\t\t\t\t\n\t\t\t<\/div>\n\t\t\t\n\t\t<\/div>\n\t\t\t\t\t\t<\/div>\n\t\t\t\t<\/div>\n\t\t\t\t\t<\/div>\n\t\t<\/div>\n\t\t\t\t<div class=\"elementor-column elementor-col-25 elementor-inner-column elementor-element elementor-element-52782d14\" data-id=\"52782d14\" data-element_type=\"column\">\n\t\t\t<div class=\"elementor-widget-wrap elementor-element-populated\">\n\t\t\t\t\t\t<div class=\"elementor-element elementor-element-43366e0e elementor-view-stacked elementor-shape-circle elementor-position-top elementor-mobile-position-top elementor-widget elementor-widget-icon-box\" data-id=\"43366e0e\" data-element_type=\"widget\" data-widget_type=\"icon-box.default\">\n\t\t\t\t<div class=\"elementor-widget-container\">\n\t\t\t\t\t\t\t<div class=\"elementor-icon-box-wrapper\">\n\n\t\t\t\t\t\t<div class=\"elementor-icon-box-icon\">\n\t\t\t\t<a href=\"https:\/\/edumas.gov.co\/resoluciones\/\" class=\"elementor-icon\" tabindex=\"-1\" aria-label=\"Resoluciones\">\n\t\t\t\t<i aria-hidden=\"true\" class=\"far fa-file-alt\"><\/i>\t\t\t\t<\/a>\n\t\t\t<\/div>\n\t\t\t\n\t\t\t\t\t\t<div class=\"elementor-icon-box-content\">\n\n\t\t\t\t\t\t\t\t\t<div class=\"elementor-icon-box-title\">\n\t\t\t\t\t\t<a href=\"https:\/\/edumas.gov.co\/resoluciones\/\" >\n\t\t\t\t\t\t\tResoluciones\t\t\t\t\t\t<\/a>\n\t\t\t\t\t<\/div>\n\t\t\t\t\n\t\t\t\t\n\t\t\t<\/div>\n\t\t\t\n\t\t<\/div>\n\t\t\t\t\t\t<\/div>\n\t\t\t\t<\/div>\n\t\t\t\t\t<\/div>\n\t\t<\/div>\n\t\t\t\t<div class=\"elementor-column elementor-col-25 elementor-inner-column elementor-element elementor-element-6b730c44\" data-id=\"6b730c44\" data-element_type=\"column\">\n\t\t\t<div class=\"elementor-widget-wrap elementor-element-populated\">\n\t\t\t\t\t\t<div class=\"elementor-element elementor-element-1453715a elementor-view-stacked elementor-shape-circle elementor-position-top elementor-mobile-position-top elementor-widget elementor-widget-icon-box\" data-id=\"1453715a\" data-element_type=\"widget\" data-widget_type=\"icon-box.default\">\n\t\t\t\t<div class=\"elementor-widget-container\">\n\t\t\t\t\t\t\t<div class=\"elementor-icon-box-wrapper\">\n\n\t\t\t\t\t\t<div class=\"elementor-icon-box-icon\">\n\t\t\t\t<a href=\"https:\/\/edumas.gov.co\/inicio\/participacion-ciudadana\/\" class=\"elementor-icon\" tabindex=\"-1\" aria-label=\"Participa\">\n\t\t\t\t<i aria-hidden=\"true\" class=\"far fa-handshake\"><\/i>\t\t\t\t<\/a>\n\t\t\t<\/div>\n\t\t\t\n\t\t\t\t\t\t<div class=\"elementor-icon-box-content\">\n\n\t\t\t\t\t\t\t\t\t<div class=\"elementor-icon-box-title\">\n\t\t\t\t\t\t<a href=\"https:\/\/edumas.gov.co\/inicio\/participacion-ciudadana\/\" >\n\t\t\t\t\t\t\tParticipa\t\t\t\t\t\t<\/a>\n\t\t\t\t\t<\/div>\n\t\t\t\t\n\t\t\t\t\n\t\t\t<\/div>\n\t\t\t\n\t\t<\/div>\n\t\t\t\t\t\t<\/div>\n\t\t\t\t<\/div>\n\t\t\t\t\t<\/div>\n\t\t<\/div>\n\t\t\t\t\t<\/div>\n\t\t<\/section>\n\t\t\t\t\t<\/div>\n\t\t<\/div>\n\t\t\t\t\t<\/div>\n\t\t<\/section>\n\t\t\t\t<section data-dce-background-color=\"#F6F6F61F\" data-dce-background-overlay-color=\"#FFFFFFCC\" data-dce-background-image-url=\"https:\/\/test.edumas.gov.co\/wp-content\/uploads\/2023\/08\/bg_pattern.png\" class=\"elementor-section elementor-top-section elementor-element elementor-element-185eb0e1 elementor-section-boxed elementor-section-height-default elementor-section-height-default\" data-id=\"185eb0e1\" data-element_type=\"section\" data-settings=\"{&quot;background_background&quot;:&quot;classic&quot;}\">\n\t\t\t\t\t\t\t<div class=\"elementor-background-overlay\"><\/div>\n\t\t\t\t\t\t\t<div class=\"elementor-container elementor-column-gap-default\">\n\t\t\t\t\t<div class=\"elementor-column elementor-col-100 elementor-top-column elementor-element elementor-element-7fcfc4bd\" data-id=\"7fcfc4bd\" data-element_type=\"column\">\n\t\t\t<div class=\"elementor-widget-wrap elementor-element-populated\">\n\t\t\t\t\t\t<section class=\"elementor-section elementor-inner-section elementor-element elementor-element-1458c976 elementor-section-boxed elementor-section-height-default elementor-section-height-default\" data-id=\"1458c976\" data-element_type=\"section\">\n\t\t\t\t\t\t<div class=\"elementor-container elementor-column-gap-default\">\n\t\t\t\t\t<div class=\"elementor-column elementor-col-100 elementor-inner-column elementor-element elementor-element-6f0ee432\" data-id=\"6f0ee432\" data-element_type=\"column\">\n\t\t\t<div class=\"elementor-widget-wrap elementor-element-populated\">\n\t\t\t\t\t\t<div class=\"elementor-element elementor-element-138b5170 elementor-widget elementor-widget-heading\" data-id=\"138b5170\" data-element_type=\"widget\" data-widget_type=\"heading.default\">\n\t\t\t\t<div class=\"elementor-widget-container\">\n\t\t\t\t\t<h2 class=\"elementor-heading-title elementor-size-default\">Noticias recientes<\/h2>\t\t\t\t<\/div>\n\t\t\t\t<\/div>\n\t\t\t\t<div class=\"elementor-element elementor-element-366dd213 elementor-widget-divider--view-line elementor-widget elementor-widget-divider\" data-id=\"366dd213\" data-element_type=\"widget\" data-widget_type=\"divider.default\">\n\t\t\t\t<div class=\"elementor-widget-container\">\n\t\t\t\t\t\t\t<div class=\"elementor-divider\">\n\t\t\t<span class=\"elementor-divider-separator\">\n\t\t\t\t\t\t<\/span>\n\t\t<\/div>\n\t\t\t\t\t\t<\/div>\n\t\t\t\t<\/div>\n\t\t\t\t\t<\/div>\n\t\t<\/div>\n\t\t\t\t\t<\/div>\n\t\t<\/section>\n\t\t\t\t<div class=\"elementor-element elementor-element-63bda86c elementor-grid-3 elementor-grid-tablet-2 elementor-grid-mobile-1 elementor-posts--thumbnail-top elementor-card-shadow-yes elementor-posts__hover-gradient elementor-widget elementor-widget-posts\" data-id=\"63bda86c\" data-element_type=\"widget\" data-settings=\"{&quot;cards_row_gap&quot;:{&quot;unit&quot;:&quot;px&quot;,&quot;size&quot;:39,&quot;sizes&quot;:[]},&quot;cards_columns&quot;:&quot;3&quot;,&quot;cards_columns_tablet&quot;:&quot;2&quot;,&quot;cards_columns_mobile&quot;:&quot;1&quot;,&quot;cards_row_gap_tablet&quot;:{&quot;unit&quot;:&quot;px&quot;,&quot;size&quot;:&quot;&quot;,&quot;sizes&quot;:[]},&quot;cards_row_gap_mobile&quot;:{&quot;unit&quot;:&quot;px&quot;,&quot;size&quot;:&quot;&quot;,&quot;sizes&quot;:[]}}\" data-widget_type=\"posts.cards\">\n\t\t\t\t<div class=\"elementor-widget-container\">\n\t\t\t\t\t\t\t<div class=\"elementor-posts-container elementor-posts elementor-posts--skin-cards elementor-grid\" role=\"list\">\n\t\t\t\t<article class=\"elementor-post elementor-grid-item post-9399 post type-post status-publish format-standard has-post-thumbnail hentry category-noticias tag-espacio-publico-2\" role=\"listitem\">\n\t\t\t<div class=\"elementor-post__card\">\n\t\t\t\t<a class=\"elementor-post__thumbnail__link\" href=\"https:\/\/edumas.gov.co\/inicio\/2026\/09\/02\/el-edumas-y-secretaria-de-gobierno-recuperan-espacio-mal-utilizado-en-un-parque-en-los-almendros\/\" tabindex=\"-1\" ><div class=\"elementor-post__thumbnail\"><img fetchpriority=\"high\" decoding=\"async\" width=\"300\" height=\"225\" src=\"https:\/\/edumas.gov.co\/wp-content\/uploads\/2026\/09\/WhatsApp-Image-2026-08-28-at-11.16.06-AM-2-300x225.jpeg\" class=\"attachment-medium size-medium wp-image-9409\" alt=\"\" srcset=\"https:\/\/edumas.gov.co\/wp-content\/uploads\/2026\/09\/WhatsApp-Image-2026-08-28-at-11.16.06-AM-2-300x225.jpeg 300w, https:\/\/edumas.gov.co\/wp-content\/uploads\/2026\/09\/WhatsApp-Image-2026-08-28-at-11.16.06-AM-2-768x576.jpeg 768w, https:\/\/edumas.gov.co\/wp-content\/uploads\/2026\/09\/WhatsApp-Image-2026-08-28-at-11.16.06-AM-2-1024x768.jpeg 1024w, https:\/\/edumas.gov.co\/wp-content\/uploads\/2026\/09\/WhatsApp-Image-2026-08-28-at-11.16.06-AM-2.jpeg 1280w\" sizes=\"(max-width: 300px) 100vw, 300px\" \/><\/div><\/a>\n\t\t\t\t<div class=\"elementor-post__text\">\n\t\t\t\t<h3 class=\"elementor-post__title\">\n\t\t\t<a href=\"https:\/\/edumas.gov.co\/inicio\/2026\/09\/02\/el-edumas-y-secretaria-de-gobierno-recuperan-espacio-mal-utilizado-en-un-parque-en-los-almendros\/\" >\n\t\t\t\tEl Edumas y Secretar\u00eda de Gobierno recuperan espacio mal utilizado en un parque en Los Almendros\t\t\t<\/a>\n\t\t<\/h3>\n\t\t\t\t<div class=\"elementor-post__excerpt\">\n\t\t\t<p>Atendiendo las solicitudes de la comunidad, el Establecimiento de Desarrollo Urbano y Medio Ambiente de Soledad &#8211; Edumas, en articulaci\u00f3n con la Secretar\u00eda de Gobierno,<\/p>\n\t\t<\/div>\n\t\t\n\t\t<a class=\"elementor-post__read-more\" href=\"https:\/\/edumas.gov.co\/inicio\/2026\/09\/02\/el-edumas-y-secretaria-de-gobierno-recuperan-espacio-mal-utilizado-en-un-parque-en-los-almendros\/\" aria-label=\"Read more about El Edumas y Secretar\u00eda de Gobierno recuperan espacio mal utilizado en un parque en Los Almendros\" tabindex=\"-1\" >\n\t\t\tLeer M\u00e1s\t\t<\/a>\n\n\t\t\t\t<\/div>\n\t\t\t\t<div class=\"elementor-post__meta-data\">\n\t\t\t\t\t<span class=\"elementor-post-date\">\n\t\t\tseptiembre 2, 2026\t\t<\/span>\n\t\t\t\t<\/div>\n\t\t\t\t\t<\/div>\n\t\t<\/article>\n\t\t\t\t<article class=\"elementor-post elementor-grid-item post-9377 post type-post status-publish format-standard has-post-thumbnail hentry category-noticias tag-el-porvenir tag-limpieza-de-canales\" role=\"listitem\">\n\t\t\t<div class=\"elementor-post__card\">\n\t\t\t\t<a class=\"elementor-post__thumbnail__link\" href=\"https:\/\/edumas.gov.co\/inicio\/2026\/08\/31\/el-edumas-interviene-canal-en-el-porvenir-para-prevenir-inundaciones-y-mejorar-la-evacuacion-de-aguas-lluvias\/\" tabindex=\"-1\" ><div class=\"elementor-post__thumbnail\"><img decoding=\"async\" width=\"300\" height=\"163\" src=\"https:\/\/edumas.gov.co\/wp-content\/uploads\/2026\/08\/WhatsApp-Image-2026-08-28-at-9.02.03-AM-300x163.jpeg\" class=\"attachment-medium size-medium wp-image-9382\" alt=\"\" srcset=\"https:\/\/edumas.gov.co\/wp-content\/uploads\/2026\/08\/WhatsApp-Image-2026-08-28-at-9.02.03-AM-300x163.jpeg 300w, https:\/\/edumas.gov.co\/wp-content\/uploads\/2026\/08\/WhatsApp-Image-2026-08-28-at-9.02.03-AM-768x416.jpeg 768w, https:\/\/edumas.gov.co\/wp-content\/uploads\/2026\/08\/WhatsApp-Image-2026-08-28-at-9.02.03-AM-1024x555.jpeg 1024w, https:\/\/edumas.gov.co\/wp-content\/uploads\/2026\/08\/WhatsApp-Image-2026-08-28-at-9.02.03-AM.jpeg 1179w\" sizes=\"(max-width: 300px) 100vw, 300px\" \/><\/div><\/a>\n\t\t\t\t<div class=\"elementor-post__text\">\n\t\t\t\t<h3 class=\"elementor-post__title\">\n\t\t\t<a href=\"https:\/\/edumas.gov.co\/inicio\/2026\/08\/31\/el-edumas-interviene-canal-en-el-porvenir-para-prevenir-inundaciones-y-mejorar-la-evacuacion-de-aguas-lluvias\/\" >\n\t\t\t\tEl Edumas interviene canal en El Porvenir para prevenir inundaciones y mejorar la evacuaci\u00f3n de aguas lluvias\t\t\t<\/a>\n\t\t<\/h3>\n\t\t\t\t<div class=\"elementor-post__excerpt\">\n\t\t\t<p>Los habitantes del barrio El Porvenir ya cuentan con una respuesta a una de las problem\u00e1ticas que durante a\u00f1os afect\u00f3 al sector cada vez que<\/p>\n\t\t<\/div>\n\t\t\n\t\t<a class=\"elementor-post__read-more\" href=\"https:\/\/edumas.gov.co\/inicio\/2026\/08\/31\/el-edumas-interviene-canal-en-el-porvenir-para-prevenir-inundaciones-y-mejorar-la-evacuacion-de-aguas-lluvias\/\" aria-label=\"Read more about El Edumas interviene canal en El Porvenir para prevenir inundaciones y mejorar la evacuaci\u00f3n de aguas lluvias\" tabindex=\"-1\" >\n\t\t\tLeer M\u00e1s\t\t<\/a>\n\n\t\t\t\t<\/div>\n\t\t\t\t<div class=\"elementor-post__meta-data\">\n\t\t\t\t\t<span class=\"elementor-post-date\">\n\t\t\tagosto 31, 2026\t\t<\/span>\n\t\t\t\t<\/div>\n\t\t\t\t\t<\/div>\n\t\t<\/article>\n\t\t\t\t<article class=\"elementor-post elementor-grid-item post-9291 post type-post status-publish format-standard has-post-thumbnail hentry category-noticias\" role=\"listitem\">\n\t\t\t<div class=\"elementor-post__card\">\n\t\t\t\t<a class=\"elementor-post__thumbnail__link\" href=\"https:\/\/edumas.gov.co\/inicio\/2026\/08\/24\/el-edumas-fortalece-intervencion-de-puntos-criticos-con-jornada-de-limpieza-en-la-avenida-el-platanal\/\" tabindex=\"-1\" ><div class=\"elementor-post__thumbnail\"><img decoding=\"async\" width=\"300\" height=\"225\" src=\"https:\/\/edumas.gov.co\/wp-content\/uploads\/2026\/08\/WhatsApp-Image-2026-08-24-at-12.21.03-PM-300x225.jpeg\" class=\"attachment-medium size-medium wp-image-9293\" alt=\"\" srcset=\"https:\/\/edumas.gov.co\/wp-content\/uploads\/2026\/08\/WhatsApp-Image-2026-08-24-at-12.21.03-PM-300x225.jpeg 300w, https:\/\/edumas.gov.co\/wp-content\/uploads\/2026\/08\/WhatsApp-Image-2026-08-24-at-12.21.03-PM-1024x768.jpeg 1024w, https:\/\/edumas.gov.co\/wp-content\/uploads\/2026\/08\/WhatsApp-Image-2026-08-24-at-12.21.03-PM-768x576.jpeg 768w, https:\/\/edumas.gov.co\/wp-content\/uploads\/2026\/08\/WhatsApp-Image-2026-08-24-at-12.21.03-PM-1536x1152.jpeg 1536w, https:\/\/edumas.gov.co\/wp-content\/uploads\/2026\/08\/WhatsApp-Image-2026-08-24-at-12.21.03-PM-2048x1536.jpeg 2048w, https:\/\/edumas.gov.co\/wp-content\/uploads\/2026\/08\/WhatsApp-Image-2026-08-24-at-12.21.03-PM-1320x990.jpeg 1320w\" sizes=\"(max-width: 300px) 100vw, 300px\" \/><\/div><\/a>\n\t\t\t\t<div class=\"elementor-post__text\">\n\t\t\t\t<h3 class=\"elementor-post__title\">\n\t\t\t<a href=\"https:\/\/edumas.gov.co\/inicio\/2026\/08\/24\/el-edumas-fortalece-intervencion-de-puntos-criticos-con-jornada-de-limpieza-en-la-avenida-el-platanal\/\" >\n\t\t\t\tEl Edumas fortalece intervenci\u00f3n de puntos cr\u00edticos con jornada de limpieza en la avenida El Platanal\t\t\t<\/a>\n\t\t<\/h3>\n\t\t\t\t<div class=\"elementor-post__excerpt\">\n\t\t\t<p>El Establecimiento de Desarrollo Urbano y Medio Ambiente de Soledad &#8211; Edumas, en articulaci\u00f3n con Aseo Especial Soledad (Interaseo), gestion\u00f3 una jornada integral de limpieza<\/p>\n\t\t<\/div>\n\t\t\n\t\t<a class=\"elementor-post__read-more\" href=\"https:\/\/edumas.gov.co\/inicio\/2026\/08\/24\/el-edumas-fortalece-intervencion-de-puntos-criticos-con-jornada-de-limpieza-en-la-avenida-el-platanal\/\" aria-label=\"Read more about El Edumas fortalece intervenci\u00f3n de puntos cr\u00edticos con jornada de limpieza en la avenida El Platanal\" tabindex=\"-1\" >\n\t\t\tLeer M\u00e1s\t\t<\/a>\n\n\t\t\t\t<\/div>\n\t\t\t\t<div class=\"elementor-post__meta-data\">\n\t\t\t\t\t<span class=\"elementor-post-date\">\n\t\t\tagosto 24, 2026\t\t<\/span>\n\t\t\t\t<\/div>\n\t\t\t\t\t<\/div>\n\t\t<\/article>\n\t\t\t\t<\/div>\n\t\t\n\t\t\t\t\t\t<\/div>\n\t\t\t\t<\/div>\n\t\t\t\t<div class=\"elementor-element elementor-element-6186c51 elementor-align-center elementor-widget elementor-widget-button\" data-id=\"6186c51\" data-element_type=\"widget\" data-widget_type=\"button.default\">\n\t\t\t\t<div class=\"elementor-widget-container\">\n\t\t\t\t\t\t\t\t\t<div class=\"elementor-button-wrapper\">\n\t\t\t\t\t<a class=\"elementor-button elementor-button-link elementor-size-sm\" href=\"https:\/\/edumas.gov.co\/noticias\/\">\n\t\t\t\t\t\t<span class=\"elementor-button-content-wrapper\">\n\t\t\t\t\t\t\t\t\t<span class=\"elementor-button-text\">Ver m\u00e1s<\/span>\n\t\t\t\t\t<\/span>\n\t\t\t\t\t<\/a>\n\t\t\t\t<\/div>\n\t\t\t\t\t\t\t\t<\/div>\n\t\t\t\t<\/div>\n\t\t\t\t\t<\/div>\n\t\t<\/div>\n\t\t\t\t\t<\/div>\n\t\t<\/section>\n\t\t\t\t<section class=\"elementor-section elementor-top-section elementor-element elementor-element-bece90e elementor-section-full_width elementor-section-height-default elementor-section-height-default\" data-id=\"bece90e\" data-element_type=\"section\">\n\t\t\t\t\t\t\t<div class=\"elementor-background-overlay\"><\/div>\n\t\t\t\t\t\t\t<div class=\"elementor-container elementor-column-gap-default\">\n\t\t\t\t\t<div class=\"elementor-column elementor-col-100 elementor-top-column elementor-element elementor-element-e85524c\" data-id=\"e85524c\" data-element_type=\"column\">\n\t\t\t<div class=\"elementor-widget-wrap elementor-element-populated\">\n\t\t\t\t\t\t<div class=\"elementor-element elementor-element-91144ac dce_masking-none elementor-widget elementor-widget-image\" data-id=\"91144ac\" data-element_type=\"widget\" data-widget_type=\"image.default\">\n\t\t\t\t<div class=\"elementor-widget-container\">\n\t\t\t\t\t\t\t\t\t\t\t\t<figure class=\"wp-caption\">\n\t\t\t\t\t\t\t\t\t\t\t<a href=\"https:\/\/edumas.gov.co\/registro-publicidad-exterior-visual-pev-2\/\">\n\t\t\t\t\t\t\t<img loading=\"lazy\" decoding=\"async\" width=\"1600\" height=\"500\" src=\"https:\/\/edumas.gov.co\/wp-content\/uploads\/2025\/12\/WhatsApp-Image-2025-12-03-at-1.47.56-PM.jpeg\" class=\"attachment-full size-full wp-image-6724\" alt=\"Banner informativo: No esperes para registrar tu publicidad exterior visual en EDUMAS. Da clic y solicita la visita a tu negocio para el tr\u00e1mite de liquidaci\u00f3n.\" srcset=\"https:\/\/edumas.gov.co\/wp-content\/uploads\/2025\/12\/WhatsApp-Image-2025-12-03-at-1.47.56-PM.jpeg 1600w, https:\/\/edumas.gov.co\/wp-content\/uploads\/2025\/12\/WhatsApp-Image-2025-12-03-at-1.47.56-PM-300x94.jpeg 300w, https:\/\/edumas.gov.co\/wp-content\/uploads\/2025\/12\/WhatsApp-Image-2025-12-03-at-1.47.56-PM-1024x320.jpeg 1024w, https:\/\/edumas.gov.co\/wp-content\/uploads\/2025\/12\/WhatsApp-Image-2025-12-03-at-1.47.56-PM-768x240.jpeg 768w, https:\/\/edumas.gov.co\/wp-content\/uploads\/2025\/12\/WhatsApp-Image-2025-12-03-at-1.47.56-PM-1536x480.jpeg 1536w, https:\/\/edumas.gov.co\/wp-content\/uploads\/2025\/12\/WhatsApp-Image-2025-12-03-at-1.47.56-PM-1320x413.jpeg 1320w\" sizes=\"(max-width: 1600px) 100vw, 1600px\" \/>\t\t\t\t\t\t\t\t<\/a>\n\t\t\t\t\t\t\t\t\t\t\t<figcaption class=\"widget-image-caption wp-caption-text\">Banner del inicio<\/figcaption>\n\t\t\t\t\t\t\t\t\t\t<\/figure>\n\t\t\t\t\t\t\t\t\t<\/div>\n\t\t\t\t<\/div>\n\t\t\t\t\t<\/div>\n\t\t<\/div>\n\t\t\t\t\t<\/div>\n\t\t<\/section>\n\t\t\t\t<section data-dce-background-color=\"#F6F6F61F\" data-dce-background-overlay-color=\"#FFFFFFCC\" data-dce-background-image-url=\"https:\/\/test.edumas.gov.co\/wp-content\/uploads\/2023\/08\/bg_pattern.png\" class=\"elementor-section elementor-top-section elementor-element elementor-element-dff918f elementor-section-boxed elementor-section-height-default elementor-section-height-default\" data-id=\"dff918f\" data-element_type=\"section\" data-settings=\"{&quot;background_background&quot;:&quot;classic&quot;}\">\n\t\t\t\t\t\t\t<div class=\"elementor-background-overlay\"><\/div>\n\t\t\t\t\t\t\t<div class=\"elementor-container elementor-column-gap-default\">\n\t\t\t\t\t<div class=\"elementor-column elementor-col-100 elementor-top-column elementor-element elementor-element-fb78fd2\" data-id=\"fb78fd2\" data-element_type=\"column\">\n\t\t\t<div class=\"elementor-widget-wrap elementor-element-populated\">\n\t\t\t\t\t\t<section class=\"elementor-section elementor-inner-section elementor-element elementor-element-e668778 elementor-section-boxed elementor-section-height-default elementor-section-height-default\" data-id=\"e668778\" data-element_type=\"section\">\n\t\t\t\t\t\t<div class=\"elementor-container elementor-column-gap-default\">\n\t\t\t\t\t<div class=\"elementor-column elementor-col-100 elementor-inner-column elementor-element elementor-element-1674fc1\" data-id=\"1674fc1\" data-element_type=\"column\">\n\t\t\t<div class=\"elementor-widget-wrap elementor-element-populated\">\n\t\t\t\t\t\t<div class=\"elementor-element elementor-element-f3e0b20 elementor-widget elementor-widget-heading\" data-id=\"f3e0b20\" data-element_type=\"widget\" data-widget_type=\"heading.default\">\n\t\t\t\t<div class=\"elementor-widget-container\">\n\t\t\t\t\t<h2 class=\"elementor-heading-title elementor-size-default\">Eventos<\/h2>\t\t\t\t<\/div>\n\t\t\t\t<\/div>\n\t\t\t\t<div class=\"elementor-element elementor-element-8288eac elementor-widget-divider--view-line elementor-widget elementor-widget-divider\" data-id=\"8288eac\" data-element_type=\"widget\" data-widget_type=\"divider.default\">\n\t\t\t\t<div class=\"elementor-widget-container\">\n\t\t\t\t\t\t\t<div class=\"elementor-divider\">\n\t\t\t<span class=\"elementor-divider-separator\">\n\t\t\t\t\t\t<\/span>\n\t\t<\/div>\n\t\t\t\t\t\t<\/div>\n\t\t\t\t<\/div>\n\t\t\t\t\t<\/div>\n\t\t<\/div>\n\t\t\t\t\t<\/div>\n\t\t<\/section>\n\t\t\t\t<div class=\"elementor-element elementor-element-82313de elementor-grid-3 elementor-grid-tablet-2 elementor-grid-mobile-1 elementor-posts--thumbnail-top elementor-card-shadow-yes elementor-posts__hover-gradient elementor-widget elementor-widget-posts\" data-id=\"82313de\" data-element_type=\"widget\" data-settings=\"{&quot;cards_row_gap&quot;:{&quot;unit&quot;:&quot;px&quot;,&quot;size&quot;:39,&quot;sizes&quot;:[]},&quot;cards_columns&quot;:&quot;3&quot;,&quot;cards_columns_tablet&quot;:&quot;2&quot;,&quot;cards_columns_mobile&quot;:&quot;1&quot;,&quot;cards_row_gap_tablet&quot;:{&quot;unit&quot;:&quot;px&quot;,&quot;size&quot;:&quot;&quot;,&quot;sizes&quot;:[]},&quot;cards_row_gap_mobile&quot;:{&quot;unit&quot;:&quot;px&quot;,&quot;size&quot;:&quot;&quot;,&quot;sizes&quot;:[]}}\" data-widget_type=\"posts.cards\">\n\t\t\t\t<div class=\"elementor-widget-container\">\n\t\t\t\t\t\t\t<div class=\"elementor-posts-container elementor-posts elementor-posts--skin-cards elementor-grid\" role=\"list\">\n\t\t\t\t<article class=\"elementor-post elementor-grid-item post-6367 post type-post status-publish format-standard has-post-thumbnail hentry category-eventos\" role=\"listitem\">\n\t\t\t<div class=\"elementor-post__card\">\n\t\t\t\t<a class=\"elementor-post__thumbnail__link\" href=\"https:\/\/edumas.gov.co\/inicio\/2026\/08\/29\/dia-internacional-contra-el-ruido\/\" tabindex=\"-1\" ><div class=\"elementor-post__thumbnail\"><img loading=\"lazy\" decoding=\"async\" width=\"300\" height=\"251\" src=\"https:\/\/edumas.gov.co\/wp-content\/uploads\/2025\/08\/WEB-2026-Fechas-ambientales-300x251.png\" class=\"attachment-medium size-medium wp-image-9397\" alt=\"\" srcset=\"https:\/\/edumas.gov.co\/wp-content\/uploads\/2025\/08\/WEB-2026-Fechas-ambientales-300x251.png 300w, https:\/\/edumas.gov.co\/wp-content\/uploads\/2025\/08\/WEB-2026-Fechas-ambientales-768x644.png 768w, https:\/\/edumas.gov.co\/wp-content\/uploads\/2025\/08\/WEB-2026-Fechas-ambientales.png 940w\" sizes=\"(max-width: 300px) 100vw, 300px\" \/><\/div><\/a>\n\t\t\t\t<div class=\"elementor-post__text\">\n\t\t\t\t<h3 class=\"elementor-post__title\">\n\t\t\t<a href=\"https:\/\/edumas.gov.co\/inicio\/2026\/08\/29\/dia-internacional-contra-el-ruido\/\" >\n\t\t\t\tD\u00eda Internacional Contra el Ruido\t\t\t<\/a>\n\t\t<\/h3>\n\t\t\t\t<div class=\"elementor-post__excerpt\">\n\t\t\t<p>Agosto 29 &#8211; Cada 29 de agosto se conmemora el D\u00eda Internacional contra el Ruido. En esta fecha se busca sensibilizar a la ciudadan\u00eda sobre<\/p>\n\t\t<\/div>\n\t\t\t\t<\/div>\n\t\t\t\t<div class=\"elementor-post__meta-data\">\n\t\t\t\t\t<span class=\"elementor-post-date\">\n\t\t\tagosto 29, 2026\t\t<\/span>\n\t\t\t\t<\/div>\n\t\t\t\t\t<\/div>\n\t\t<\/article>\n\t\t\t\t<article class=\"elementor-post elementor-grid-item post-6370 post type-post status-publish format-standard has-post-thumbnail hentry category-eventos tag-dia-mundial tag-orangutan\" role=\"listitem\">\n\t\t\t<div class=\"elementor-post__card\">\n\t\t\t\t<a class=\"elementor-post__thumbnail__link\" href=\"https:\/\/edumas.gov.co\/inicio\/2026\/08\/19\/dia-mundial-del-orangutan\/\" tabindex=\"-1\" ><div class=\"elementor-post__thumbnail\"><img loading=\"lazy\" decoding=\"async\" width=\"300\" height=\"251\" src=\"https:\/\/edumas.gov.co\/wp-content\/uploads\/2025\/08\/WEB-2026-Fechas-ambientales-10-300x251.png\" class=\"attachment-medium size-medium wp-image-9348\" alt=\"\" srcset=\"https:\/\/edumas.gov.co\/wp-content\/uploads\/2025\/08\/WEB-2026-Fechas-ambientales-10-300x251.png 300w, https:\/\/edumas.gov.co\/wp-content\/uploads\/2025\/08\/WEB-2026-Fechas-ambientales-10-768x644.png 768w, https:\/\/edumas.gov.co\/wp-content\/uploads\/2025\/08\/WEB-2026-Fechas-ambientales-10.png 940w\" sizes=\"(max-width: 300px) 100vw, 300px\" \/><\/div><\/a>\n\t\t\t\t<div class=\"elementor-post__text\">\n\t\t\t\t<h3 class=\"elementor-post__title\">\n\t\t\t<a href=\"https:\/\/edumas.gov.co\/inicio\/2026\/08\/19\/dia-mundial-del-orangutan\/\" >\n\t\t\t\tD\u00eda Mundial del Orangut\u00e1n\t\t\t<\/a>\n\t\t<\/h3>\n\t\t\t\t<div class=\"elementor-post__excerpt\">\n\t\t\t<p>Agosto 19 &#8211; Cada\u00a019 de agosto\u00a0se celebra el D\u00eda Mundial del Orangut\u00e1n, una fecha dedicada a la conservaci\u00f3n y cuidado de estos animales\u00a0originarios del sudeste<\/p>\n\t\t<\/div>\n\t\t\t\t<\/div>\n\t\t\t\t<div class=\"elementor-post__meta-data\">\n\t\t\t\t\t<span class=\"elementor-post-date\">\n\t\t\tagosto 19, 2026\t\t<\/span>\n\t\t\t\t<\/div>\n\t\t\t\t\t<\/div>\n\t\t<\/article>\n\t\t\t\t<article class=\"elementor-post elementor-grid-item post-9351 post type-post status-publish format-standard has-post-thumbnail hentry category-eventos tag-dia-mundial tag-peaton\" role=\"listitem\">\n\t\t\t<div class=\"elementor-post__card\">\n\t\t\t\t<a class=\"elementor-post__thumbnail__link\" href=\"https:\/\/edumas.gov.co\/inicio\/2026\/08\/17\/dia-mundial-del-peaton\/\" tabindex=\"-1\" ><div class=\"elementor-post__thumbnail\"><img loading=\"lazy\" decoding=\"async\" width=\"300\" height=\"251\" src=\"https:\/\/edumas.gov.co\/wp-content\/uploads\/2026\/08\/WEB-2026-Fechas-ambientales-9-300x251.png\" class=\"attachment-medium size-medium wp-image-9352\" alt=\"\" srcset=\"https:\/\/edumas.gov.co\/wp-content\/uploads\/2026\/08\/WEB-2026-Fechas-ambientales-9-300x251.png 300w, https:\/\/edumas.gov.co\/wp-content\/uploads\/2026\/08\/WEB-2026-Fechas-ambientales-9-768x644.png 768w, https:\/\/edumas.gov.co\/wp-content\/uploads\/2026\/08\/WEB-2026-Fechas-ambientales-9.png 940w\" sizes=\"(max-width: 300px) 100vw, 300px\" \/><\/div><\/a>\n\t\t\t\t<div class=\"elementor-post__text\">\n\t\t\t\t<h3 class=\"elementor-post__title\">\n\t\t\t<a href=\"https:\/\/edumas.gov.co\/inicio\/2026\/08\/17\/dia-mundial-del-peaton\/\" >\n\t\t\t\tD\u00eda Mundial del Peat\u00f3n\t\t\t<\/a>\n\t\t<\/h3>\n\t\t\t\t<div class=\"elementor-post__excerpt\">\n\t\t\t<p>Agosto 17 &#8211; Cada de 17 de agosto se celebra en todo el mundo el D\u00eda Mundial del Peat\u00f3n, una celebraci\u00f3n que se remonta al<\/p>\n\t\t<\/div>\n\t\t\t\t<\/div>\n\t\t\t\t<div class=\"elementor-post__meta-data\">\n\t\t\t\t\t<span class=\"elementor-post-date\">\n\t\t\tagosto 17, 2026\t\t<\/span>\n\t\t\t\t<\/div>\n\t\t\t\t\t<\/div>\n\t\t<\/article>\n\t\t\t\t<\/div>\n\t\t\n\t\t\t\t\t\t<\/div>\n\t\t\t\t<\/div>\n\t\t\t\t<div class=\"elementor-element elementor-element-cf39673 elementor-align-center elementor-widget elementor-widget-button\" data-id=\"cf39673\" data-element_type=\"widget\" data-widget_type=\"button.default\">\n\t\t\t\t<div class=\"elementor-widget-container\">\n\t\t\t\t\t\t\t\t\t<div class=\"elementor-button-wrapper\">\n\t\t\t\t\t<a class=\"elementor-button elementor-button-link elementor-size-sm\" href=\"https:\/\/edumas.gov.co\/inicio\/eventos\/\">\n\t\t\t\t\t\t<span class=\"elementor-button-content-wrapper\">\n\t\t\t\t\t\t\t\t\t<span class=\"elementor-button-text\">Ver m\u00e1s<\/span>\n\t\t\t\t\t<\/span>\n\t\t\t\t\t<\/a>\n\t\t\t\t<\/div>\n\t\t\t\t\t\t\t\t<\/div>\n\t\t\t\t<\/div>\n\t\t\t\t\t<\/div>\n\t\t<\/div>\n\t\t\t\t\t<\/div>\n\t\t<\/section>\n\t\t\t\t<section class=\"elementor-section elementor-top-section elementor-element elementor-element-54ec855e elementor-section-boxed elementor-section-height-default elementor-section-height-default\" data-id=\"54ec855e\" data-element_type=\"section\" data-settings=\"{&quot;background_background&quot;:&quot;video&quot;,&quot;background_video_link&quot;:&quot;https:\\\/\\\/edumas.gov.co\\\/wp-content\\\/uploads\\\/2024\\\/10\\\/Video-de-WhatsApp-2024-10-21-a-las-10.48.25_56e396a7.mp4&quot;}\">\n\t\t\t\t\t\t\t\t<div class=\"elementor-background-video-container elementor-hidden-mobile\">\n\t\t\t\t\t\t\t\t\t\t\t\t\t<video class=\"elementor-background-video-hosted\" autoplay muted playsinline loop><\/video>\n\t\t\t\t\t\t\t\t\t\t\t<\/div>\n\t\t\t\t\t\t\t\t\t<div class=\"elementor-background-overlay\"><\/div>\n\t\t\t\t\t\t\t<div class=\"elementor-container elementor-column-gap-default\">\n\t\t\t\t\t<div class=\"elementor-column elementor-col-100 elementor-top-column elementor-element elementor-element-4303ca59 elementor-invisible\" data-id=\"4303ca59\" data-element_type=\"column\" data-settings=\"{&quot;animation&quot;:&quot;fadeInUp&quot;}\">\n\t\t\t<div class=\"elementor-widget-wrap elementor-element-populated\">\n\t\t\t\t\t\t<div class=\"elementor-element elementor-element-72d58577 elementor-widget elementor-widget-heading\" data-id=\"72d58577\" data-element_type=\"widget\" data-widget_type=\"heading.default\">\n\t\t\t\t<div class=\"elementor-widget-container\">\n\t\t\t\t\t<h2 class=\"elementor-heading-title elementor-size-default\">Edumas social<\/h2>\t\t\t\t<\/div>\n\t\t\t\t<\/div>\n\t\t\t\t<div class=\"elementor-element elementor-element-5adeefad elementor-widget elementor-widget-text-editor\" data-id=\"5adeefad\" data-element_type=\"widget\" data-widget_type=\"text-editor.default\">\n\t\t\t\t<div class=\"elementor-widget-container\">\n\t\t\t\t\t\t\t\t\t<p>M\u00e1s all\u00e1 de nuestras competencias trabajamos con la comunidad para el desarrollo sostenible de Soledad.<\/p>\t\t\t\t\t\t\t\t<\/div>\n\t\t\t\t<\/div>\n\t\t\t\t<div class=\"elementor-element elementor-element-41945596 elementor-align-center elementor-widget elementor-widget-button\" data-id=\"41945596\" data-element_type=\"widget\" data-widget_type=\"button.default\">\n\t\t\t\t<div class=\"elementor-widget-container\">\n\t\t\t\t\t\t\t\t\t<div class=\"elementor-button-wrapper\">\n\t\t\t\t\t<a class=\"elementor-button elementor-button-link elementor-size-md\" href=\"#\">\n\t\t\t\t\t\t<span class=\"elementor-button-content-wrapper\">\n\t\t\t\t\t\t\t\t\t<span class=\"elementor-button-text\">Descubre m\u00e1s<\/span>\n\t\t\t\t\t<\/span>\n\t\t\t\t\t<\/a>\n\t\t\t\t<\/div>\n\t\t\t\t\t\t\t\t<\/div>\n\t\t\t\t<\/div>\n\t\t\t\t\t<\/div>\n\t\t<\/div>\n\t\t\t\t\t<\/div>\n\t\t<\/section>\n\t\t\t\t<section class=\"elementor-section elementor-top-section elementor-element elementor-element-35819544 elementor-section-boxed elementor-section-height-default elementor-section-height-default\" data-id=\"35819544\" data-element_type=\"section\">\n\t\t\t\t\t\t<div class=\"elementor-container elementor-column-gap-default\">\n\t\t\t\t\t<div class=\"elementor-column elementor-col-100 elementor-top-column elementor-element elementor-element-6c0f4f57\" data-id=\"6c0f4f57\" data-element_type=\"column\">\n\t\t\t<div class=\"elementor-widget-wrap elementor-element-populated\">\n\t\t\t\t\t\t<section class=\"elementor-section elementor-inner-section elementor-element elementor-element-531f4ed1 elementor-section-boxed elementor-section-height-default elementor-section-height-default\" data-id=\"531f4ed1\" data-element_type=\"section\">\n\t\t\t\t\t\t<div class=\"elementor-container elementor-column-gap-default\">\n\t\t\t\t\t<div class=\"elementor-column elementor-col-33 elementor-inner-column elementor-element elementor-element-77cf816 elementor-invisible\" data-id=\"77cf816\" data-element_type=\"column\" data-settings=\"{&quot;background_background&quot;:&quot;classic&quot;,&quot;animation&quot;:&quot;fadeInUp&quot;,&quot;animation_delay&quot;:300}\">\n\t\t\t<div class=\"elementor-widget-wrap elementor-element-populated\">\n\t\t\t\t\t\t<div class=\"elementor-element elementor-element-2220a07 elementor-widget__width-auto elementor-absolute e-transform elementor-view-default elementor-widget elementor-widget-icon\" data-id=\"2220a07\" data-element_type=\"widget\" data-settings=\"{&quot;_position&quot;:&quot;absolute&quot;,&quot;_transform_rotateZ_effect_hover&quot;:{&quot;unit&quot;:&quot;px&quot;,&quot;size&quot;:-45,&quot;sizes&quot;:[]},&quot;_transform_rotateZ_effect_hover_tablet&quot;:{&quot;unit&quot;:&quot;deg&quot;,&quot;size&quot;:&quot;&quot;,&quot;sizes&quot;:[]},&quot;_transform_rotateZ_effect_hover_mobile&quot;:{&quot;unit&quot;:&quot;deg&quot;,&quot;size&quot;:&quot;&quot;,&quot;sizes&quot;:[]}}\" data-widget_type=\"icon.default\">\n\t\t\t\t<div class=\"elementor-widget-container\">\n\t\t\t\t\t\t\t<div class=\"elementor-icon-wrapper\">\n\t\t\t<a class=\"elementor-icon\" href=\"https:\/\/edumas.gov.co\/registro-constructoras\/\">\n\t\t\t<i aria-hidden=\"true\" class=\"fas fa-arrow-right\"><\/i>\t\t\t<\/a>\n\t\t<\/div>\n\t\t\t\t\t\t<\/div>\n\t\t\t\t<\/div>\n\t\t\t\t<div class=\"elementor-element elementor-element-fdac1e7 elementor-view-stacked elementor-shape-circle elementor-position-top elementor-mobile-position-top elementor-widget elementor-widget-icon-box\" data-id=\"fdac1e7\" data-element_type=\"widget\" data-widget_type=\"icon-box.default\">\n\t\t\t\t<div class=\"elementor-widget-container\">\n\t\t\t\t\t\t\t<div class=\"elementor-icon-box-wrapper\">\n\n\t\t\t\t\t\t<div class=\"elementor-icon-box-icon\">\n\t\t\t\t<a href=\"https:\/\/edumas.gov.co\/registro-constructoras\/\" class=\"elementor-icon\" tabindex=\"-1\" aria-label=\"Tr\u00e1mites constructoras\">\n\t\t\t\t<i aria-hidden=\"true\" class=\"fas fa-id-card\"><\/i>\t\t\t\t<\/a>\n\t\t\t<\/div>\n\t\t\t\n\t\t\t\t\t\t<div class=\"elementor-icon-box-content\">\n\n\t\t\t\t\t\t\t\t\t<div class=\"elementor-icon-box-title\">\n\t\t\t\t\t\t<a href=\"https:\/\/edumas.gov.co\/registro-constructoras\/\" >\n\t\t\t\t\t\t\tTr\u00e1mites constructoras\t\t\t\t\t\t<\/a>\n\t\t\t\t\t<\/div>\n\t\t\t\t\n\t\t\t\t\t\t\t\t\t<p class=\"elementor-icon-box-description\">\n\t\t\t\t\t\tEn este link las empresas constructoras y relacionadas podr\u00e1n acceder a los instructivos y formatos para la solicitud de registros, permisos\u00a0o\u00a0visitas.\t\t\t\t\t<\/p>\n\t\t\t\t\n\t\t\t<\/div>\n\t\t\t\n\t\t<\/div>\n\t\t\t\t\t\t<\/div>\n\t\t\t\t<\/div>\n\t\t\t\t\t<\/div>\n\t\t<\/div>\n\t\t\t\t<div class=\"elementor-column elementor-col-33 elementor-inner-column elementor-element elementor-element-3b3f4a2f elementor-invisible\" data-id=\"3b3f4a2f\" data-element_type=\"column\" data-settings=\"{&quot;background_background&quot;:&quot;gradient&quot;,&quot;animation&quot;:&quot;fadeInUp&quot;}\">\n\t\t\t<div class=\"elementor-widget-wrap elementor-element-populated\">\n\t\t\t\t\t\t<div class=\"elementor-element elementor-element-2a72e22e elementor-view-stacked elementor-shape-circle elementor-position-top elementor-mobile-position-top elementor-widget elementor-widget-icon-box\" data-id=\"2a72e22e\" data-element_type=\"widget\" data-widget_type=\"icon-box.default\">\n\t\t\t\t<div class=\"elementor-widget-container\">\n\t\t\t\t\t\t\t<div class=\"elementor-icon-box-wrapper\">\n\n\t\t\t\t\t\t<div class=\"elementor-icon-box-icon\">\n\t\t\t\t<a href=\"https:\/\/edumas.gov.co\/registro-publicidad-exterior-visual-pev-2\/\" class=\"elementor-icon\" tabindex=\"-1\" aria-label=\"Registro Publicidad Exterior Visual - PEV\">\n\t\t\t\t<i aria-hidden=\"true\" class=\" ti-blackboard\"><\/i>\t\t\t\t<\/a>\n\t\t\t<\/div>\n\t\t\t\n\t\t\t\t\t\t<div class=\"elementor-icon-box-content\">\n\n\t\t\t\t\t\t\t\t\t<div class=\"elementor-icon-box-title\">\n\t\t\t\t\t\t<a href=\"https:\/\/edumas.gov.co\/registro-publicidad-exterior-visual-pev-2\/\" >\n\t\t\t\t\t\t\tRegistro Publicidad Exterior Visual - PEV\t\t\t\t\t\t<\/a>\n\t\t\t\t\t<\/div>\n\t\t\t\t\n\t\t\t\t\t\t\t\t\t<p class=\"elementor-icon-box-description\">\n\t\t\t\t\t\tTramite aqu\u00ed el registro de avisos publicitarios de su establecimiento comercial (Ley 140 de 1994)\t\t\t\t\t<\/p>\n\t\t\t\t\n\t\t\t<\/div>\n\t\t\t\n\t\t<\/div>\n\t\t\t\t\t\t<\/div>\n\t\t\t\t<\/div>\n\t\t\t\t<div class=\"elementor-element elementor-element-60667a8e elementor-widget__width-auto elementor-absolute e-transform elementor-view-default elementor-widget elementor-widget-icon\" data-id=\"60667a8e\" data-element_type=\"widget\" data-settings=\"{&quot;_position&quot;:&quot;absolute&quot;,&quot;_transform_rotateZ_effect_hover&quot;:{&quot;unit&quot;:&quot;px&quot;,&quot;size&quot;:-45,&quot;sizes&quot;:[]},&quot;_transform_rotateZ_effect_hover_tablet&quot;:{&quot;unit&quot;:&quot;deg&quot;,&quot;size&quot;:&quot;&quot;,&quot;sizes&quot;:[]},&quot;_transform_rotateZ_effect_hover_mobile&quot;:{&quot;unit&quot;:&quot;deg&quot;,&quot;size&quot;:&quot;&quot;,&quot;sizes&quot;:[]}}\" data-widget_type=\"icon.default\">\n\t\t\t\t<div class=\"elementor-widget-container\">\n\t\t\t\t\t\t\t<div class=\"elementor-icon-wrapper\">\n\t\t\t<a class=\"elementor-icon\" href=\"https:\/\/edumas.gov.co\/registro-publicidad-exterior-visual-pev-2\/\">\n\t\t\t<i aria-hidden=\"true\" class=\"fas fa-arrow-right\"><\/i>\t\t\t<\/a>\n\t\t<\/div>\n\t\t\t\t\t\t<\/div>\n\t\t\t\t<\/div>\n\t\t\t\t\t<\/div>\n\t\t<\/div>\n\t\t\t\t<div class=\"elementor-column elementor-col-33 elementor-inner-column elementor-element elementor-element-77911333 elementor-invisible\" data-id=\"77911333\" data-element_type=\"column\" data-settings=\"{&quot;background_background&quot;:&quot;classic&quot;,&quot;animation&quot;:&quot;fadeInUp&quot;,&quot;animation_delay&quot;:300}\">\n\t\t\t<div class=\"elementor-widget-wrap elementor-element-populated\">\n\t\t\t\t\t\t<div class=\"elementor-element elementor-element-48a4c966 elementor-view-stacked elementor-shape-circle elementor-position-top elementor-mobile-position-top elementor-widget elementor-widget-icon-box\" data-id=\"48a4c966\" data-element_type=\"widget\" data-widget_type=\"icon-box.default\">\n\t\t\t\t<div class=\"elementor-widget-container\">\n\t\t\t\t\t\t\t<div class=\"elementor-icon-box-wrapper\">\n\n\t\t\t\t\t\t<div class=\"elementor-icon-box-icon\">\n\t\t\t\t<a href=\"https:\/\/edumas.gov.co\/registro-permiso-temporal-ocupacion-espacio-publico\/\" class=\"elementor-icon\" tabindex=\"-1\" aria-label=\"Tr\u00e1mites espacio p\u00fablico\">\n\t\t\t\t<i aria-hidden=\"true\" class=\"fas fa-street-view\"><\/i>\t\t\t\t<\/a>\n\t\t\t<\/div>\n\t\t\t\n\t\t\t\t\t\t<div class=\"elementor-icon-box-content\">\n\n\t\t\t\t\t\t\t\t\t<div class=\"elementor-icon-box-title\">\n\t\t\t\t\t\t<a href=\"https:\/\/edumas.gov.co\/registro-permiso-temporal-ocupacion-espacio-publico\/\" >\n\t\t\t\t\t\t\tTr\u00e1mites espacio p\u00fablico\t\t\t\t\t\t<\/a>\n\t\t\t\t\t<\/div>\n\t\t\t\t\n\t\t\t\t\t\t\t\t\t<p class=\"elementor-icon-box-description\">\n\t\t\t\t\t\tRealice aqu\u00ed la solicitud de ocupaci\u00f3n temporal de espacio p\u00fablico&nbsp;y&nbsp;de&nbsp;roturas.\t\t\t\t\t<\/p>\n\t\t\t\t\n\t\t\t<\/div>\n\t\t\t\n\t\t<\/div>\n\t\t\t\t\t\t<\/div>\n\t\t\t\t<\/div>\n\t\t\t\t<div class=\"elementor-element elementor-element-3d4272f elementor-widget__width-auto elementor-absolute e-transform elementor-view-default elementor-widget elementor-widget-icon\" data-id=\"3d4272f\" data-element_type=\"widget\" data-settings=\"{&quot;_position&quot;:&quot;absolute&quot;,&quot;_transform_rotateZ_effect_hover&quot;:{&quot;unit&quot;:&quot;px&quot;,&quot;size&quot;:-45,&quot;sizes&quot;:[]},&quot;_transform_rotateZ_effect_hover_tablet&quot;:{&quot;unit&quot;:&quot;deg&quot;,&quot;size&quot;:&quot;&quot;,&quot;sizes&quot;:[]},&quot;_transform_rotateZ_effect_hover_mobile&quot;:{&quot;unit&quot;:&quot;deg&quot;,&quot;size&quot;:&quot;&quot;,&quot;sizes&quot;:[]}}\" data-widget_type=\"icon.default\">\n\t\t\t\t<div class=\"elementor-widget-container\">\n\t\t\t\t\t\t\t<div class=\"elementor-icon-wrapper\">\n\t\t\t<a class=\"elementor-icon\" href=\"https:\/\/edumas.gov.co\/registro-permiso-temporal-ocupacion-espacio-publico\/\">\n\t\t\t<i aria-hidden=\"true\" class=\"fas fa-arrow-right\"><\/i>\t\t\t<\/a>\n\t\t<\/div>\n\t\t\t\t\t\t<\/div>\n\t\t\t\t<\/div>\n\t\t\t\t\t<\/div>\n\t\t<\/div>\n\t\t\t\t\t<\/div>\n\t\t<\/section>\n\t\t\t\t\t<\/div>\n\t\t<\/div>\n\t\t\t\t\t<\/div>\n\t\t<\/section>\n\t\t\t\t<section data-dce-background-overlay-color=\"#FFFFFFCC\" data-dce-background-image-url=\"https:\/\/test.edumas.gov.co\/wp-content\/uploads\/2023\/08\/bg_pattern.png\" class=\"elementor-section elementor-top-section elementor-element elementor-element-469a32be elementor-section-content-middle elementor-section-boxed elementor-section-height-default elementor-section-height-default\" data-id=\"469a32be\" data-element_type=\"section\" data-settings=\"{&quot;background_background&quot;:&quot;classic&quot;}\">\n\t\t\t\t\t\t\t<div class=\"elementor-background-overlay\"><\/div>\n\t\t\t\t\t\t\t<div class=\"elementor-container elementor-column-gap-default\">\n\t\t\t\t\t<div class=\"elementor-column elementor-col-50 elementor-top-column elementor-element elementor-element-4174ef7a elementor-invisible\" data-id=\"4174ef7a\" data-element_type=\"column\" data-settings=\"{&quot;animation&quot;:&quot;fadeInLeft&quot;}\">\n\t\t\t<div class=\"elementor-widget-wrap elementor-element-populated\">\n\t\t\t\t\t\t<div class=\"elementor-element elementor-element-51be7311 elementor-widget elementor-widget-heading\" data-id=\"51be7311\" data-element_type=\"widget\" data-widget_type=\"heading.default\">\n\t\t\t\t<div class=\"elementor-widget-container\">\n\t\t\t\t\t<h6 class=\"elementor-heading-title elementor-size-default\">Conoce m\u00e1s<\/h6>\t\t\t\t<\/div>\n\t\t\t\t<\/div>\n\t\t\t\t<div class=\"elementor-element elementor-element-6ef539e4 elementor-widget elementor-widget-heading\" data-id=\"6ef539e4\" data-element_type=\"widget\" data-widget_type=\"heading.default\">\n\t\t\t\t<div class=\"elementor-widget-container\">\n\t\t\t\t\t<h2 class=\"elementor-heading-title elementor-size-default\">Videos recomendados<\/h2>\t\t\t\t<\/div>\n\t\t\t\t<\/div>\n\t\t\t\t<div class=\"elementor-element elementor-element-1afbd178 elementor-widget elementor-widget-text-editor\" data-id=\"1afbd178\" data-element_type=\"widget\" data-widget_type=\"text-editor.default\">\n\t\t\t\t<div class=\"elementor-widget-container\">\n\t\t\t\t\t\t\t\t\t<p>Conoce a trav\u00e9s de im\u00e1genes de video, todo el trabajo que realiza el Edumas por la comunidad.<\/p>\t\t\t\t\t\t\t\t<\/div>\n\t\t\t\t<\/div>\n\t\t\t\t<div class=\"elementor-element elementor-element-4f379e36 elementor-widget elementor-widget-button\" data-id=\"4f379e36\" data-element_type=\"widget\" data-widget_type=\"button.default\">\n\t\t\t\t<div class=\"elementor-widget-container\">\n\t\t\t\t\t\t\t\t\t<div class=\"elementor-button-wrapper\">\n\t\t\t\t\t<a class=\"elementor-button elementor-button-link elementor-size-sm\" href=\"https:\/\/www.youtube.com\/@edumassoledad4390\/videos\">\n\t\t\t\t\t\t<span class=\"elementor-button-content-wrapper\">\n\t\t\t\t\t\t\t\t\t<span class=\"elementor-button-text\">M\u00e1s Videos<\/span>\n\t\t\t\t\t<\/span>\n\t\t\t\t\t<\/a>\n\t\t\t\t<\/div>\n\t\t\t\t\t\t\t\t<\/div>\n\t\t\t\t<\/div>\n\t\t\t\t\t<\/div>\n\t\t<\/div>\n\t\t\t\t<div class=\"elementor-column elementor-col-50 elementor-top-column elementor-element elementor-element-660b1b2c elementor-invisible\" data-id=\"660b1b2c\" data-element_type=\"column\" data-settings=\"{&quot;background_background&quot;:&quot;gradient&quot;,&quot;animation&quot;:&quot;fadeInRight&quot;}\">\n\t\t\t<div class=\"elementor-widget-wrap elementor-element-populated\">\n\t\t\t\t\t\t<div class=\"elementor-element elementor-element-59e8040 dce_masking-none elementor-widget elementor-widget-video\" data-id=\"59e8040\" data-element_type=\"widget\" data-settings=\"{&quot;youtube_url&quot;:&quot;https:\\\/\\\/youtu.be\\\/JSBhfpLUP7Q?si=lv3yPFvVVfvBrjHY&quot;,&quot;loop&quot;:&quot;yes&quot;,&quot;video_type&quot;:&quot;youtube&quot;,&quot;controls&quot;:&quot;yes&quot;}\" data-widget_type=\"video.default\">\n\t\t\t\t<div class=\"elementor-widget-container\">\n\t\t\t\t\t\t\t<div class=\"elementor-wrapper elementor-open-inline\">\n\t\t\t<div class=\"elementor-video\"><\/div>\t\t<\/div>\n\t\t\t\t\t\t<\/div>\n\t\t\t\t<\/div>\n\t\t\t\t\t<\/div>\n\t\t<\/div>\n\t\t\t\t\t<\/div>\n\t\t<\/section>\n\t\t\t\t<section class=\"elementor-section elementor-top-section elementor-element elementor-element-9a0e85c elementor-section-boxed elementor-section-height-default elementor-section-height-default\" data-id=\"9a0e85c\" data-element_type=\"section\" data-settings=\"{&quot;background_background&quot;:&quot;classic&quot;}\">\n\t\t\t\t\t\t<div class=\"elementor-container elementor-column-gap-default\">\n\t\t\t\t\t<div class=\"elementor-column elementor-col-100 elementor-top-column elementor-element elementor-element-1289b6d\" data-id=\"1289b6d\" data-element_type=\"column\" data-settings=\"{&quot;background_background&quot;:&quot;classic&quot;}\">\n\t\t\t<div class=\"elementor-widget-wrap elementor-element-populated\">\n\t\t\t\t\t\t<div class=\"elementor-element elementor-element-9eb252d elementor-widget elementor-widget-heading\" data-id=\"9eb252d\" data-element_type=\"widget\" data-widget_type=\"heading.default\">\n\t\t\t\t<div class=\"elementor-widget-container\">\n\t\t\t\t\t<h2 class=\"elementor-heading-title elementor-size-default\">Directorio de entidades<\/h2>\t\t\t\t<\/div>\n\t\t\t\t<\/div>\n\t\t\t\t\t<\/div>\n\t\t<\/div>\n\t\t\t\t\t<\/div>\n\t\t<\/section>\n\t\t\t\t<section class=\"elementor-section elementor-top-section elementor-element elementor-element-ec034c9 elementor-section-boxed elementor-section-height-default elementor-section-height-default\" data-id=\"ec034c9\" data-element_type=\"section\" data-settings=\"{&quot;background_background&quot;:&quot;classic&quot;}\">\n\t\t\t\t\t\t<div class=\"elementor-container elementor-column-gap-default\">\n\t\t\t\t\t<div class=\"elementor-column elementor-col-100 elementor-top-column elementor-element elementor-element-b455f64\" data-id=\"b455f64\" data-element_type=\"column\">\n\t\t\t<div class=\"elementor-widget-wrap elementor-element-populated\">\n\t\t\t\t\t\t<div class=\"elementor-element elementor-element-7167c88d elementor-widget elementor-widget-image-carousel\" data-id=\"7167c88d\" data-element_type=\"widget\" data-settings=\"{&quot;slides_to_show&quot;:&quot;4&quot;,&quot;slides_to_show_tablet&quot;:&quot;4&quot;,&quot;slides_to_show_mobile&quot;:&quot;2&quot;,&quot;slides_to_scroll&quot;:&quot;1&quot;,&quot;navigation&quot;:&quot;none&quot;,&quot;pause_on_interaction&quot;:&quot;no&quot;,&quot;image_spacing_custom&quot;:{&quot;unit&quot;:&quot;px&quot;,&quot;size&quot;:13,&quot;sizes&quot;:[]},&quot;autoplay&quot;:&quot;yes&quot;,&quot;pause_on_hover&quot;:&quot;yes&quot;,&quot;autoplay_speed&quot;:5000,&quot;infinite&quot;:&quot;yes&quot;,&quot;speed&quot;:500,&quot;image_spacing_custom_tablet&quot;:{&quot;unit&quot;:&quot;px&quot;,&quot;size&quot;:&quot;&quot;,&quot;sizes&quot;:[]},&quot;image_spacing_custom_mobile&quot;:{&quot;unit&quot;:&quot;px&quot;,&quot;size&quot;:&quot;&quot;,&quot;sizes&quot;:[]}}\" data-widget_type=\"image-carousel.default\">\n\t\t\t\t<div class=\"elementor-widget-container\">\n\t\t\t\t\t\t\t<div class=\"elementor-image-carousel-wrapper swiper\" role=\"region\" aria-roledescription=\"carousel\" aria-label=\"Carrusel de im\u00e1genes\" dir=\"ltr\">\n\t\t\t<div class=\"elementor-image-carousel swiper-wrapper\" aria-live=\"off\">\n\t\t\t\t\t\t\t\t<div class=\"swiper-slide\" role=\"group\" aria-roledescription=\"slide\" aria-label=\"1 de 7\"><figure class=\"swiper-slide-inner\"><img decoding=\"async\" class=\"swiper-slide-image\" src=\"https:\/\/edumas.gov.co\/wp-content\/uploads\/2024\/09\/asocars-300x103.png\" alt=\"asocars\" \/><\/figure><\/div><div class=\"swiper-slide\" role=\"group\" aria-roledescription=\"slide\" aria-label=\"2 de 7\"><figure class=\"swiper-slide-inner\"><img decoding=\"async\" class=\"swiper-slide-image\" src=\"https:\/\/edumas.gov.co\/wp-content\/uploads\/2024\/09\/Colombia-Eficiente.png\" alt=\"Colombia-Eficiente\" \/><\/figure><\/div><div class=\"swiper-slide\" role=\"group\" aria-roledescription=\"slide\" aria-label=\"3 de 7\"><figure class=\"swiper-slide-inner\"><img decoding=\"async\" class=\"swiper-slide-image\" src=\"https:\/\/edumas.gov.co\/wp-content\/uploads\/2024\/09\/Comision-regulacion-de-aguas-potables-y-saniamiento.png\" alt=\"Comision-regulacion-de-aguas-potables-y-saniamiento\" \/><\/figure><\/div><div class=\"swiper-slide\" role=\"group\" aria-roledescription=\"slide\" aria-label=\"4 de 7\"><figure class=\"swiper-slide-inner\"><img decoding=\"async\" class=\"swiper-slide-image\" src=\"https:\/\/edumas.gov.co\/wp-content\/uploads\/2024\/09\/Contaduria-general-de-la-nacion-1.png\" alt=\"Contaduria-general-de-la-nacion\" \/><\/figure><\/div><div class=\"swiper-slide\" role=\"group\" aria-roledescription=\"slide\" aria-label=\"5 de 7\"><figure class=\"swiper-slide-inner\"><img decoding=\"async\" class=\"swiper-slide-image\" src=\"https:\/\/edumas.gov.co\/wp-content\/uploads\/2024\/09\/secop-300x103.png\" alt=\"secop\" \/><\/figure><\/div><div class=\"swiper-slide\" role=\"group\" aria-roledescription=\"slide\" aria-label=\"6 de 7\"><figure class=\"swiper-slide-inner\"><img decoding=\"async\" class=\"swiper-slide-image\" src=\"https:\/\/edumas.gov.co\/wp-content\/uploads\/2024\/09\/Accion-social.png\" alt=\"Accion-social\" \/><\/figure><\/div><div class=\"swiper-slide\" role=\"group\" aria-roledescription=\"slide\" aria-label=\"7 de 7\"><figure class=\"swiper-slide-inner\"><img decoding=\"async\" class=\"swiper-slide-image\" src=\"https:\/\/edumas.gov.co\/wp-content\/uploads\/2024\/10\/alcaldia.png\" alt=\"alcaldia\" \/><\/figure><\/div>\t\t\t<\/div>\n\t\t\t\t\t\t\t\n\t\t\t\t\t\t\t\t\t<\/div>\n\t\t\t\t\t\t<\/div>\n\t\t\t\t<\/div>\n\t\t\t\t\t<\/div>\n\t\t<\/div>\n\t\t\t\t\t<\/div>\n\t\t<\/section>\n\t\t\t\t<\/div>\n\t\t","protected":false},"excerpt":{"rendered":"<p>PAGUE AQU\u00cd PQRSD sERVICIOS Notificaciones Resoluciones Participa Noticias recientes Ver m\u00e1s Banner del inicio Eventos Ver m\u00e1s Edumas social M\u00e1s all\u00e1 de nuestras competencias trabajamos con la comunidad para el desarrollo sostenible de Soledad. Descubre m\u00e1s Tr\u00e1mites constructoras En este link las empresas constructoras y relacionadas podr\u00e1n acceder a los instructivos y formatos para la [&hellip;]<\/p>\n","protected":false},"author":1,"featured_media":0,"parent":0,"menu_order":0,"comment_status":"closed","ping_status":"closed","template":"","meta":{"footnotes":""},"class_list":["post-151","page","type-page","status-publish","hentry"],"yoast_head":"<!-- This site is optimized with the Yoast SEO plugin v27.4 - https:\/\/yoast.com\/product\/yoast-seo-wordpress\/ -->\n<title>Edumas<\/title>\n<meta name=\"description\" content=\"Somos la entidad delegada para el control y vigilancia urban\u00edstica y ambiental de conformidad a las leyes y normas que regulan las mismas, por tanto el promover y ejecutar programas, pol\u00edticas en relaci\u00f3n al medio ambiente y los recursos naturales renovables.\" \/>\n<meta name=\"robots\" content=\"index, follow, max-snippet:-1, max-image-preview:large, max-video-preview:-1\" \/>\n<link rel=\"canonical\" href=\"https:\/\/edumas.gov.co\/inicio\/\" \/>\n<meta property=\"og:locale\" content=\"es_ES\" \/>\n<meta property=\"og:type\" content=\"article\" \/>\n<meta property=\"og:title\" content=\"Edumas\" \/>\n<meta property=\"og:description\" content=\"Somos la entidad delegada para el control y vigilancia urban\u00edstica y ambiental de conformidad a las leyes y normas que regulan las mismas, por tanto el promover y ejecutar programas, pol\u00edticas en relaci\u00f3n al medio ambiente y los recursos naturales renovables.\" \/>\n<meta property=\"og:url\" content=\"https:\/\/edumas.gov.co\/inicio\/\" \/>\n<meta property=\"og:site_name\" content=\"Edumas\" \/>\n<meta property=\"article:modified_time\" content=\"2026-07-30T16:35:28+00:00\" \/>\n<meta property=\"og:image\" content=\"https:\/\/edumas.gov.co\/wp-content\/uploads\/2025\/12\/WhatsApp-Image-2025-12-03-at-1.47.56-PM.jpeg\" \/>\n<meta name=\"twitter:card\" content=\"summary_large_image\" \/>\n<meta name=\"twitter:label1\" content=\"Tiempo de lectura\" \/>\n\t<meta name=\"twitter:data1\" content=\"8 minutos\" \/>\n<script type=\"application\/ld+json\" class=\"yoast-schema-graph\">{\"@context\":\"https:\\\/\\\/schema.org\",\"@graph\":[{\"@type\":\"WebPage\",\"@id\":\"https:\\\/\\\/edumas.gov.co\\\/inicio\\\/\",\"url\":\"https:\\\/\\\/edumas.gov.co\\\/inicio\\\/\",\"name\":\"Edumas\",\"isPartOf\":{\"@id\":\"https:\\\/\\\/edumas.gov.co\\\/inicio\\\/#website\"},\"primaryImageOfPage\":{\"@id\":\"https:\\\/\\\/edumas.gov.co\\\/inicio\\\/#primaryimage\"},\"image\":{\"@id\":\"https:\\\/\\\/edumas.gov.co\\\/inicio\\\/#primaryimage\"},\"thumbnailUrl\":\"https:\\\/\\\/edumas.gov.co\\\/wp-content\\\/uploads\\\/2025\\\/12\\\/WhatsApp-Image-2025-12-03-at-1.47.56-PM.jpeg\",\"datePublished\":\"2023-09-04T19:25:42+00:00\",\"dateModified\":\"2026-07-30T16:35:28+00:00\",\"description\":\"Somos la entidad delegada para el control y vigilancia urban\u00edstica y ambiental de conformidad a las leyes y normas que regulan las mismas, por tanto el promover y ejecutar programas, pol\u00edticas en relaci\u00f3n al medio ambiente y los recursos naturales renovables.\",\"breadcrumb\":{\"@id\":\"https:\\\/\\\/edumas.gov.co\\\/inicio\\\/#breadcrumb\"},\"inLanguage\":\"es\",\"potentialAction\":[{\"@type\":\"ReadAction\",\"target\":[\"https:\\\/\\\/edumas.gov.co\\\/inicio\\\/\"]}]},{\"@type\":\"ImageObject\",\"inLanguage\":\"es\",\"@id\":\"https:\\\/\\\/edumas.gov.co\\\/inicio\\\/#primaryimage\",\"url\":\"https:\\\/\\\/edumas.gov.co\\\/wp-content\\\/uploads\\\/2025\\\/12\\\/WhatsApp-Image-2025-12-03-at-1.47.56-PM.jpeg\",\"contentUrl\":\"https:\\\/\\\/edumas.gov.co\\\/wp-content\\\/uploads\\\/2025\\\/12\\\/WhatsApp-Image-2025-12-03-at-1.47.56-PM.jpeg\"},{\"@type\":\"BreadcrumbList\",\"@id\":\"https:\\\/\\\/edumas.gov.co\\\/inicio\\\/#breadcrumb\",\"itemListElement\":[{\"@type\":\"ListItem\",\"position\":1,\"name\":\"Portada\",\"item\":\"https:\\\/\\\/edumas.gov.co\\\/inicio\\\/\"},{\"@type\":\"ListItem\",\"position\":2,\"name\":\"Inicio\"}]},{\"@type\":\"WebSite\",\"@id\":\"https:\\\/\\\/edumas.gov.co\\\/inicio\\\/#website\",\"url\":\"https:\\\/\\\/edumas.gov.co\\\/inicio\\\/\",\"name\":\"Edumas\",\"description\":\"Edumas\",\"publisher\":{\"@id\":\"https:\\\/\\\/edumas.gov.co\\\/inicio\\\/#organization\"},\"potentialAction\":[{\"@type\":\"SearchAction\",\"target\":{\"@type\":\"EntryPoint\",\"urlTemplate\":\"https:\\\/\\\/edumas.gov.co\\\/inicio\\\/?s={search_term_string}\"},\"query-input\":{\"@type\":\"PropertyValueSpecification\",\"valueRequired\":true,\"valueName\":\"search_term_string\"}}],\"inLanguage\":\"es\"},{\"@type\":\"Organization\",\"@id\":\"https:\\\/\\\/edumas.gov.co\\\/inicio\\\/#organization\",\"name\":\"Edumas\",\"url\":\"https:\\\/\\\/edumas.gov.co\\\/inicio\\\/\",\"logo\":{\"@type\":\"ImageObject\",\"inLanguage\":\"es\",\"@id\":\"https:\\\/\\\/edumas.gov.co\\\/inicio\\\/#\\\/schema\\\/logo\\\/image\\\/\",\"url\":\"https:\\\/\\\/edumas.gov.co\\\/wp-content\\\/uploads\\\/2024\\\/10\\\/Perfil-Instagram-PhotoRoom.png-PhotoRoom.png\",\"contentUrl\":\"https:\\\/\\\/edumas.gov.co\\\/wp-content\\\/uploads\\\/2024\\\/10\\\/Perfil-Instagram-PhotoRoom.png-PhotoRoom.png\",\"width\":648,\"height\":233,\"caption\":\"Edumas\"},\"image\":{\"@id\":\"https:\\\/\\\/edumas.gov.co\\\/inicio\\\/#\\\/schema\\\/logo\\\/image\\\/\"}}]}<\/script>\n<!-- \/ Yoast SEO plugin. -->","yoast_head_json":{"title":"Edumas","description":"Somos la entidad delegada para el control y vigilancia urban\u00edstica y ambiental de conformidad a las leyes y normas que regulan las mismas, por tanto el promover y ejecutar programas, pol\u00edticas en relaci\u00f3n al medio ambiente y los recursos naturales renovables.","robots":{"index":"index","follow":"follow","max-snippet":"max-snippet:-1","max-image-preview":"max-image-preview:large","max-video-preview":"max-video-preview:-1"},"canonical":"https:\/\/edumas.gov.co\/inicio\/","og_locale":"es_ES","og_type":"article","og_title":"Edumas","og_description":"Somos la entidad delegada para el control y vigilancia urban\u00edstica y ambiental de conformidad a las leyes y normas que regulan las mismas, por tanto el promover y ejecutar programas, pol\u00edticas en relaci\u00f3n al medio ambiente y los recursos naturales renovables.","og_url":"https:\/\/edumas.gov.co\/inicio\/","og_site_name":"Edumas","article_modified_time":"2026-07-30T16:35:28+00:00","og_image":[{"url":"https:\/\/edumas.gov.co\/wp-content\/uploads\/2025\/12\/WhatsApp-Image-2025-12-03-at-1.47.56-PM.jpeg","type":"","width":"","height":""}],"twitter_card":"summary_large_image","twitter_misc":{"Tiempo de lectura":"8 minutos"},"schema":{"@context":"https:\/\/schema.org","@graph":[{"@type":"WebPage","@id":"https:\/\/edumas.gov.co\/inicio\/","url":"https:\/\/edumas.gov.co\/inicio\/","name":"Edumas","isPartOf":{"@id":"https:\/\/edumas.gov.co\/inicio\/#website"},"primaryImageOfPage":{"@id":"https:\/\/edumas.gov.co\/inicio\/#primaryimage"},"image":{"@id":"https:\/\/edumas.gov.co\/inicio\/#primaryimage"},"thumbnailUrl":"https:\/\/edumas.gov.co\/wp-content\/uploads\/2025\/12\/WhatsApp-Image-2025-12-03-at-1.47.56-PM.jpeg","datePublished":"2023-09-04T19:25:42+00:00","dateModified":"2026-07-30T16:35:28+00:00","description":"Somos la entidad delegada para el control y vigilancia urban\u00edstica y ambiental de conformidad a las leyes y normas que regulan las mismas, por tanto el promover y ejecutar programas, pol\u00edticas en relaci\u00f3n al medio ambiente y los recursos naturales renovables.","breadcrumb":{"@id":"https:\/\/edumas.gov.co\/inicio\/#breadcrumb"},"inLanguage":"es","potentialAction":[{"@type":"ReadAction","target":["https:\/\/edumas.gov.co\/inicio\/"]}]},{"@type":"ImageObject","inLanguage":"es","@id":"https:\/\/edumas.gov.co\/inicio\/#primaryimage","url":"https:\/\/edumas.gov.co\/wp-content\/uploads\/2025\/12\/WhatsApp-Image-2025-12-03-at-1.47.56-PM.jpeg","contentUrl":"https:\/\/edumas.gov.co\/wp-content\/uploads\/2025\/12\/WhatsApp-Image-2025-12-03-at-1.47.56-PM.jpeg"},{"@type":"BreadcrumbList","@id":"https:\/\/edumas.gov.co\/inicio\/#breadcrumb","itemListElement":[{"@type":"ListItem","position":1,"name":"Portada","item":"https:\/\/edumas.gov.co\/inicio\/"},{"@type":"ListItem","position":2,"name":"Inicio"}]},{"@type":"WebSite","@id":"https:\/\/edumas.gov.co\/inicio\/#website","url":"https:\/\/edumas.gov.co\/inicio\/","name":"Edumas","description":"Edumas","publisher":{"@id":"https:\/\/edumas.gov.co\/inicio\/#organization"},"potentialAction":[{"@type":"SearchAction","target":{"@type":"EntryPoint","urlTemplate":"https:\/\/edumas.gov.co\/inicio\/?s={search_term_string}"},"query-input":{"@type":"PropertyValueSpecification","valueRequired":true,"valueName":"search_term_string"}}],"inLanguage":"es"},{"@type":"Organization","@id":"https:\/\/edumas.gov.co\/inicio\/#organization","name":"Edumas","url":"https:\/\/edumas.gov.co\/inicio\/","logo":{"@type":"ImageObject","inLanguage":"es","@id":"https:\/\/edumas.gov.co\/inicio\/#\/schema\/logo\/image\/","url":"https:\/\/edumas.gov.co\/wp-content\/uploads\/2024\/10\/Perfil-Instagram-PhotoRoom.png-PhotoRoom.png","contentUrl":"https:\/\/edumas.gov.co\/wp-content\/uploads\/2024\/10\/Perfil-Instagram-PhotoRoom.png-PhotoRoom.png","width":648,"height":233,"caption":"Edumas"},"image":{"@id":"https:\/\/edumas.gov.co\/inicio\/#\/schema\/logo\/image\/"}}]}},"_links":{"self":[{"href":"https:\/\/edumas.gov.co\/inicio\/wp-json\/wp\/v2\/pages\/151","targetHints":{"allow":["GET"]}}],"collection":[{"href":"https:\/\/edumas.gov.co\/inicio\/wp-json\/wp\/v2\/pages"}],"about":[{"href":"https:\/\/edumas.gov.co\/inicio\/wp-json\/wp\/v2\/types\/page"}],"author":[{"embeddable":true,"href":"https:\/\/edumas.gov.co\/inicio\/wp-json\/wp\/v2\/users\/1"}],"replies":[{"embeddable":true,"href":"https:\/\/edumas.gov.co\/inicio\/wp-json\/wp\/v2\/comments?post=151"}],"version-history":[{"count":363,"href":"https:\/\/edumas.gov.co\/inicio\/wp-json\/wp\/v2\/pages\/151\/revisions"}],"predecessor-version":[{"id":9150,"href":"https:\/\/edumas.gov.co\/inicio\/wp-json\/wp\/v2\/pages\/151\/revisions\/9150"}],"wp:attachment":[{"href":"https:\/\/edumas.gov.co\/inicio\/wp-json\/wp\/v2\/media?parent=151"}],"curies":[{"name":"wp","href":"https:\/\/api.w.org\/{rel}","templated":true}]}}