{"id":3010,"date":"2024-10-02T16:31:29","date_gmt":"2024-10-02T16:31:29","guid":{"rendered":"https:\/\/test.edumas.gov.co\/?page_id=3010"},"modified":"2026-01-09T19:52:33","modified_gmt":"2026-01-09T19:52:33","slug":"registro-publicidad-exterior-visual-pev-2","status":"publish","type":"page","link":"https:\/\/edumas.gov.co\/inicio\/registro-publicidad-exterior-visual-pev-2\/","title":{"rendered":"Registro Publicidad Exterior Visual &#8211; PEV"},"content":{"rendered":"\t\t<div data-elementor-type=\"wp-page\" data-elementor-id=\"3010\" class=\"elementor elementor-3010\" data-elementor-post-type=\"page\">\n\t\t\t\t\t\t<section data-dce-background-image-url=\"https:\/\/edumas.gov.co\/wp-content\/uploads\/2024\/10\/Servicios.jpg\" class=\"elementor-section elementor-top-section elementor-element elementor-element-e8386ec elementor-section-full_width elementor-section-height-default elementor-section-height-default\" data-id=\"e8386ec\" data-element_type=\"section\" data-settings=\"{&quot;background_background&quot;:&quot;classic&quot;}\">\n\t\t\t\t\t\t\t<div class=\"elementor-background-overlay\"><\/div>\n\t\t\t\t\t\t\t<div class=\"elementor-container elementor-column-gap-default\">\n\t\t\t\t\t<div class=\"elementor-column elementor-col-100 elementor-top-column elementor-element elementor-element-48ad065\" data-id=\"48ad065\" data-element_type=\"column\" data-settings=\"{&quot;background_background&quot;:&quot;classic&quot;}\">\n\t\t\t<div class=\"elementor-widget-wrap elementor-element-populated\">\n\t\t\t\t\t\t<section class=\"elementor-section elementor-inner-section elementor-element elementor-element-7a7271b elementor-section-boxed elementor-section-height-default elementor-section-height-default elementor-invisible\" data-id=\"7a7271b\" data-element_type=\"section\" data-settings=\"{&quot;background_background&quot;:&quot;classic&quot;,&quot;animation&quot;:&quot;zoomIn&quot;}\">\n\t\t\t\t\t\t<div class=\"elementor-container elementor-column-gap-default\">\n\t\t\t\t\t<div class=\"elementor-column elementor-col-100 elementor-inner-column elementor-element elementor-element-1097744\" data-id=\"1097744\" data-element_type=\"column\">\n\t\t\t<div class=\"elementor-widget-wrap elementor-element-populated\">\n\t\t\t\t\t\t<div class=\"elementor-element elementor-element-44c6ac5 animated-fast elementor-invisible elementor-widget elementor-widget-heading\" data-id=\"44c6ac5\" data-element_type=\"widget\" data-settings=\"{&quot;_animation&quot;:&quot;fadeInDown&quot;,&quot;_animation_delay&quot;:400}\" data-widget_type=\"heading.default\">\n\t\t\t\t<div class=\"elementor-widget-container\">\n\t\t\t\t\t<h1 class=\"elementor-heading-title elementor-size-default\">Registro Publicidad Exterior Visual &#8211; PEV<\/h1>\t\t\t\t<\/div>\n\t\t\t\t<\/div>\n\t\t\t\t\t<\/div>\n\t\t<\/div>\n\t\t\t\t\t<\/div>\n\t\t<\/section>\n\t\t\t\t\t<\/div>\n\t\t<\/div>\n\t\t\t\t\t<\/div>\n\t\t<\/section>\n\t\t\t\t<section class=\"elementor-section elementor-top-section elementor-element elementor-element-7da1e93 elementor-section-boxed elementor-section-height-default elementor-section-height-default\" data-id=\"7da1e93\" data-element_type=\"section\">\n\t\t\t\t\t\t<div class=\"elementor-container elementor-column-gap-default\">\n\t\t\t\t\t<div class=\"elementor-column elementor-col-100 elementor-top-column elementor-element elementor-element-ec5d506\" data-id=\"ec5d506\" data-element_type=\"column\">\n\t\t\t<div class=\"elementor-widget-wrap elementor-element-populated\">\n\t\t\t\t\t\t<section class=\"elementor-section elementor-inner-section elementor-element elementor-element-89409e3 elementor-section-boxed elementor-section-height-default elementor-section-height-default\" data-id=\"89409e3\" data-element_type=\"section\">\n\t\t\t\t\t\t<div class=\"elementor-container elementor-column-gap-default\">\n\t\t\t\t\t<div class=\"elementor-column elementor-col-100 elementor-inner-column elementor-element elementor-element-d577016\" data-id=\"d577016\" data-element_type=\"column\">\n\t\t\t<div class=\"elementor-widget-wrap elementor-element-populated\">\n\t\t\t\t\t\t<div class=\"elementor-element elementor-element-0f519ca elementor-widget elementor-widget-accordion\" data-id=\"0f519ca\" data-element_type=\"widget\" data-widget_type=\"accordion.default\">\n\t\t\t\t<div class=\"elementor-widget-container\">\n\t\t\t\t\t\t\t<div class=\"elementor-accordion\">\n\t\t\t\t\t\t\t<div class=\"elementor-accordion-item\">\n\t\t\t\t\t<div id=\"elementor-tab-title-1601\" class=\"elementor-tab-title\" data-tab=\"1\" role=\"button\" aria-controls=\"elementor-tab-content-1601\" aria-expanded=\"false\">\n\t\t\t\t\t\t\t\t\t\t\t\t\t<span class=\"elementor-accordion-icon elementor-accordion-icon-left\" aria-hidden=\"true\">\n\t\t\t\t\t\t\t\t\t\t\t\t\t\t\t<span class=\"elementor-accordion-icon-closed\"><i class=\"fas fa-plus\"><\/i><\/span>\n\t\t\t\t\t\t\t\t<span class=\"elementor-accordion-icon-opened\"><i class=\"fas fa-minus\"><\/i><\/span>\n\t\t\t\t\t\t\t\t\t\t\t\t\t\t<\/span>\n\t\t\t\t\t\t\t\t\t\t\t\t<a class=\"elementor-accordion-title\" tabindex=\"0\">Solicitud de registro de vallas<\/a>\n\t\t\t\t\t<\/div>\n\t\t\t\t\t<div id=\"elementor-tab-content-1601\" class=\"elementor-tab-content elementor-clearfix\" data-tab=\"1\" role=\"region\" aria-labelledby=\"elementor-tab-title-1601\"><h3>Pasos a seguir:<\/h3>\n<pre style=\"text-align: justify; line-height: normal;\"><span lang=\"ES-MX\" style=\"font-family: 'Arial',sans-serif; mso-ansi-language: ES-MX;\">El procedimiento para registrar la publicidad exterior visual (PEV) en el municipio de Soledad se desarrolla a trav\u00e9s de los siguientes pasos:<\/span><\/pre>\n<p><\/p>\n<p><!-- [if !supportLists]--><span lang=\"ES-MX\" style=\"font-family: Symbol; mso-fareast-font-family: Symbol; mso-bidi-font-family: Symbol; mso-ansi-language: ES-MX;\">\u00b7<span style=\"font-variant-numeric: normal; font-variant-east-asian: normal; font-variant-alternates: normal; font-size-adjust: none; font-language-override: normal; font-kerning: auto; font-optical-sizing: auto; font-feature-settings: normal; font-variation-settings: normal; font-variant-position: normal; font-variant-emoji: normal; font-stretch: normal; font-size: 7pt; line-height: normal; font-family: 'Times New Roman';\">&nbsp;<\/span><\/span><b><span lang=\"ES-MX\" style=\"font-family: 'Arial',sans-serif; mso-ansi-language: ES-MX;\">Descarga del formulario: e<\/span><\/b><span lang=\"ES-MX\" style=\"font-family: 'Arial',sans-serif; mso-ansi-language: ES-MX;\">l solicitante debe descargar el formulario de registro de PEV disponible en la p\u00e1gina Web del Edumas. Ver link abajo.<\/span><\/p>\n<p><!-- [if !supportLists]--><span lang=\"ES-MX\" style=\"font-family: Symbol; mso-fareast-font-family: Symbol; mso-bidi-font-family: Symbol; mso-ansi-language: ES-MX;\">\u00b7<span style=\"font-variant-numeric: normal; font-variant-east-asian: normal; font-variant-alternates: normal; font-size-adjust: none; font-language-override: normal; font-kerning: auto; font-optical-sizing: auto; font-feature-settings: normal; font-variation-settings: normal; font-variant-position: normal; font-variant-emoji: normal; font-stretch: normal; font-size: 7pt; line-height: normal; font-family: 'Times New Roman';\">&nbsp;&nbsp;<\/span><\/span><b><span lang=\"es-419\" style=\"font-family: 'Arial',sans-serif;\">Presentaci\u00f3n de la solicitud:<\/span><\/b><span lang=\"es-419\" style=\"font-family: 'Arial',sans-serif;\">&nbsp;se debe presentar la solicitud ante el Edumas, acompa\u00f1ada de la documentaci\u00f3n<br>requerida, incluyendo el certificado de existencia y representaci\u00f3n legal, datos del propietario del inmueble y consentimiento del propietario o poseedor del inmueble.<\/span><\/p>\n<p><span lang=\"es-419\" style=\"text-indent: -18pt; font-family: Symbol;\">\u00b7<span style=\"font-variant-numeric: normal; font-variant-east-asian: normal; font-variant-alternates: normal; font-size-adjust: none; font-language-override: normal; font-kerning: auto; font-optical-sizing: auto; font-feature-settings: normal; font-variation-settings: normal; font-variant-position: normal; font-variant-emoji: normal; font-stretch: normal; font-size: 7pt; line-height: normal; font-family: 'Times New Roman';\">&nbsp;<\/span><\/span><strong style=\"text-indent: -18pt;\"><span lang=\"es-419\" style=\"font-family: 'Arial',sans-serif; mso-fareast-font-family: 'Times New Roman'; mso-fareast-theme-font: major-fareast;\">Evaluaci\u00f3n:<\/span><\/strong><span lang=\"es-419\" style=\"text-indent: -18pt; font-family: Arial, sans-serif;\">&nbsp;el Edumas evaluar\u00e1 la solicitud y la documentaci\u00f3n presentada para verificar que cumpla con las normativas vigentes, incluyendo la <\/span><a href=\"https:\/\/edumas.gov.co\/wp-content\/uploads\/2026\/01\/Ley-140-del-23-de-junio-de-1994-1.pdf\"><strong style=\"text-indent: -18pt;\"><span lang=\"es-419\" style=\"font-family: 'Arial',sans-serif; mso-fareast-font-family: 'Times New Roman'; mso-fareast-theme-font: major-fareast;\">Ley 140 de 1994<\/span><\/strong><\/a><span lang=\"es-419\" style=\"text-indent: -18pt; font-family: Arial, sans-serif;\">, el <\/span><a href=\"https:\/\/edumas.gov.co\/wp-content\/uploads\/2026\/01\/Acuerdo-municipal-000335-del-30-de-abril-de-2025.pdf\"><strong style=\"text-indent: -18pt;\"><span lang=\"es-419\" style=\"font-family: 'Arial',sans-serif; mso-fareast-font-family: 'Times New Roman'; mso-fareast-theme-font: major-fareast;\">Acuerdo 0335 del 2025 de actualizaci\u00f3n del Estatuto Tributario de Soledad<\/span><\/strong><\/a><span lang=\"es-419\" style=\"text-indent: -18pt; font-family: Arial, sans-serif;\">, la <\/span><strong style=\"text-indent: -18pt;\"><span lang=\"es-419\" style=\"font-family: 'Arial',sans-serif; mso-fareast-font-family: 'Times New Roman'; mso-fareast-theme-font: major-fareast;\"><a href=\"https:\/\/edumas.gov.co\/wp-content\/uploads\/2026\/01\/RESOLUCION-100-del-15-de-mayo-de-2025.pdf\">Resoluci\u00f3n No. 100 de 2025<\/a>&nbsp;<\/span><\/strong><span lang=\"es-419\" style=\"text-indent: -18pt; font-family: Arial, sans-serif;\">(Por medio de la cual se modifica y actualiza las resoluciones <b>No. 333 <\/b>de 2021 y <b>No. 788 <\/b>de 2021) y <b><a href=\"https:\/\/edumas.gov.co\/wp-content\/uploads\/2025\/12\/Resolucion-303-de-05-de-diciembre-de-2025.pdf\">Resoluci\u00f3n No. 303 de 2025<\/a>;<\/b>&nbsp;las cuales establecen los requisitos t\u00e9cnicos y operativos relacionados con la instalaci\u00f3n, registro y mantenimiento de PEV.<\/span><\/p>\n<p><span lang=\"es-419\" style=\"text-indent: -18pt; font-family: Symbol;\">\u00b7<span style=\"font-variant-numeric: normal; font-variant-east-asian: normal; font-variant-alternates: normal; font-size-adjust: none; font-language-override: normal; font-kerning: auto; font-optical-sizing: auto; font-feature-settings: normal; font-variation-settings: normal; font-variant-position: normal; font-variant-emoji: normal; font-stretch: normal; font-size: 7pt; line-height: normal; font-family: 'Times New Roman';\">&nbsp;<\/span><\/span><strong style=\"text-indent: -18pt;\"><span lang=\"es-419\" style=\"font-family: 'Arial',sans-serif; mso-fareast-font-family: 'Times New Roman'; mso-fareast-theme-font: major-fareast;\">Inspecci\u00f3n t\u00e9cnica:<\/span><\/strong><span lang=\"es-419\" style=\"text-indent: -18pt; font-family: Arial, sans-serif;\"> una vez recibida la informaci\u00f3n el Edumas asignar\u00e1 una visita de inspecci\u00f3n y verificaci\u00f3n del elemento publicitario instalado y de los documentos.<\/span><\/p>\n<p><span lang=\"es-419\" style=\"text-indent: -18pt; font-family: Symbol;\">\u00b7<span style=\"font-variant-numeric: normal; font-variant-east-asian: normal; font-variant-alternates: normal; font-size-adjust: none; font-language-override: normal; font-kerning: auto; font-optical-sizing: auto; font-feature-settings: normal; font-variation-settings: normal; font-variant-position: normal; font-variant-emoji: normal; font-stretch: normal; font-size: 7pt; line-height: normal; font-family: 'Times New Roman';\">&nbsp;&nbsp;&nbsp;<\/span><\/span><b style=\"text-indent: -18pt;\"><span lang=\"es-419\" style=\"font-family: 'Arial',sans-serif;\">Liquidaci\u00f3n y pago:<\/span><\/b><span lang=\"es-419\" style=\"text-indent: -18pt; font-family: Arial, sans-serif;\">&nbsp;una vez aprobado el registro, el Edumas proceder\u00e1 a generar la liquidaci\u00f3n correspondiente al impuesto y a la tasa de evaluaci\u00f3n. El solicitante deber\u00e1 realizar el pago para finalizar el tr\u00e1mite y obtener el registro.<\/span><\/p>\n<p><span lang=\"es-419\" style=\"font-family: 'Arial',sans-serif; color: black;\">Normas t\u00e9cnicas aplicables a la publicidad exterior visual.<\/span><\/p>\n<p><!-- [if !supportLists]--><span lang=\"es-419\" style=\"font-family: Symbol; mso-fareast-font-family: Symbol; mso-bidi-font-family: Symbol; color: black;\">\u00b7<span style=\"font-variant-numeric: normal; font-variant-east-asian: normal; font-variant-alternates: normal; font-size-adjust: none; font-language-override: normal; font-kerning: auto; font-optical-sizing: auto; font-feature-settings: normal; font-variation-settings: normal; font-variant-position: normal; font-variant-emoji: normal; font-stretch: normal; font-size: 7pt; line-height: normal; font-family: 'Times New Roman';\">&nbsp;&nbsp;&nbsp;&nbsp;&nbsp;&nbsp;&nbsp;&nbsp;<\/span><\/span><span lang=\"es-419\" style=\"font-family: 'Arial',sans-serif; color: black;\">Tener un \u00e1rea neta de exhibici\u00f3n no superior a los cuarenta y ocho (48) metros cuadrados.<\/span><\/p>\n<p><!-- [if !supportLists]--><span lang=\"es-419\" style=\"font-family: Symbol; mso-fareast-font-family: Symbol; mso-bidi-font-family: Symbol; color: black;\">\u00b7<span style=\"font-variant-numeric: normal; font-variant-east-asian: normal; font-variant-alternates: normal; font-size-adjust: none; font-language-override: normal; font-kerning: auto; font-optical-sizing: auto; font-feature-settings: normal; font-variation-settings: normal; font-variant-position: normal; font-variant-emoji: normal; font-stretch: normal; font-size: 7pt; line-height: normal; font-family: 'Times New Roman';\">&nbsp;&nbsp;&nbsp;&nbsp;&nbsp;&nbsp;&nbsp;&nbsp;<\/span><\/span><span lang=\"es-419\" style=\"font-family: 'Arial',sans-serif; color: black;\">Elaborados en material resistente a la intemperie.<\/span><\/p>\n<p><!-- [if !supportLists]--><span lang=\"es-419\" style=\"font-family: Symbol; mso-fareast-font-family: Symbol; mso-bidi-font-family: Symbol; color: black;\">\u00b7<span style=\"font-variant-numeric: normal; font-variant-east-asian: normal; font-variant-alternates: normal; font-size-adjust: none; font-language-override: normal; font-kerning: auto; font-optical-sizing: auto; font-feature-settings: normal; font-variation-settings: normal; font-variant-position: normal; font-variant-emoji: normal; font-stretch: normal; font-size: 7pt; line-height: normal; font-family: 'Times New Roman';\">&nbsp;&nbsp;&nbsp;&nbsp;&nbsp;&nbsp;&nbsp;&nbsp;<\/span><\/span><span lang=\"es-419\" style=\"font-family: 'Arial',sans-serif; color: black;\">Tener una longitud m\u00e1xima de doce metros (12M).<\/span><\/p>\n<p><!-- [if !supportLists]--><span lang=\"es-419\" style=\"font-family: Symbol; mso-fareast-font-family: Symbol; mso-bidi-font-family: Symbol; color: black;\">\u00b7<span style=\"font-variant-numeric: normal; font-variant-east-asian: normal; font-variant-alternates: normal; font-size-adjust: none; font-language-override: normal; font-kerning: auto; font-optical-sizing: auto; font-feature-settings: normal; font-variation-settings: normal; font-variant-position: normal; font-variant-emoji: normal; font-stretch: normal; font-size: 7pt; line-height: normal; font-family: 'Times New Roman';\">&nbsp;&nbsp;&nbsp;&nbsp;&nbsp;&nbsp;&nbsp;&nbsp;<\/span><\/span><span lang=\"es-419\" style=\"font-family: 'Arial',sans-serif; color: black;\">Las vallas de estructuras tubulares la altura m\u00e1xima podr\u00e1 ser de 24 metros.<\/span><\/p>\n<p><!-- [if !supportLists]--><span lang=\"es-419\" style=\"font-family: Symbol; mso-fareast-font-family: Symbol; mso-bidi-font-family: Symbol; color: black;\">\u00b7<span style=\"font-variant-numeric: normal; font-variant-east-asian: normal; font-variant-alternates: normal; font-size-adjust: none; font-language-override: normal; font-kerning: auto; font-optical-sizing: auto; font-feature-settings: normal; font-variation-settings: normal; font-variant-position: normal; font-variant-emoji: normal; font-stretch: normal; font-size: 7pt; line-height: normal; font-family: 'Times New Roman';\">&nbsp;&nbsp;&nbsp;&nbsp;&nbsp;&nbsp;&nbsp;&nbsp;<\/span><\/span><span lang=\"es-419\" style=\"font-family: 'Arial',sans-serif; color: black;\">No sobresalir de la l\u00ednea de propiedad del inmueble.<\/span><\/p>\n<p><!-- [if !supportLists]--><span lang=\"es-419\" style=\"font-family: Symbol; mso-fareast-font-family: Symbol; mso-bidi-font-family: Symbol; color: black;\">\u00b7<span style=\"font-variant-numeric: normal; font-variant-east-asian: normal; font-variant-alternates: normal; font-size-adjust: none; font-language-override: normal; font-kerning: auto; font-optical-sizing: auto; font-feature-settings: normal; font-variation-settings: normal; font-variant-position: normal; font-variant-emoji: normal; font-stretch: normal; font-size: 7pt; line-height: normal; font-family: 'Times New Roman';\">&nbsp;&nbsp;&nbsp;&nbsp;&nbsp;&nbsp;&nbsp;&nbsp;<\/span><\/span><span lang=\"es-419\" style=\"font-family: 'Arial',sans-serif; color: black;\">El espacio longitudinal entre vallas no deber\u00e1 ser inferior a quinientos (500) metros, a lo largo de la misma acera.<\/span><\/p>\n<p><!-- [if !supportLists]--><span lang=\"es-419\" style=\"font-family: Symbol; mso-fareast-font-family: Symbol; mso-bidi-font-family: Symbol; color: black;\">\u00b7<span style=\"font-variant-numeric: normal; font-variant-east-asian: normal; font-variant-alternates: normal; font-size-adjust: none; font-language-override: normal; font-kerning: auto; font-optical-sizing: auto; font-feature-settings: normal; font-variation-settings: normal; font-variant-position: normal; font-variant-emoji: normal; font-stretch: normal; font-size: 7pt; line-height: normal; font-family: 'Times New Roman';\">&nbsp;&nbsp;&nbsp;&nbsp;&nbsp;&nbsp;&nbsp;&nbsp;<\/span><\/span><span lang=\"es-419\" style=\"font-family: 'Arial',sans-serif; color: black;\">No obstaculizar la instalaci\u00f3n, mantenimiento y operaci\u00f3n de los servicios p\u00fablicos domiciliarios.<\/span><\/p>\n<p><!-- [if !supportLists]--><span lang=\"es-419\" style=\"font-family: Symbol; mso-fareast-font-family: Symbol; mso-bidi-font-family: Symbol; color: black;\">\u00b7<span style=\"font-variant-numeric: normal; font-variant-east-asian: normal; font-variant-alternates: normal; font-size-adjust: none; font-language-override: normal; font-kerning: auto; font-optical-sizing: auto; font-feature-settings: normal; font-variation-settings: normal; font-variant-position: normal; font-variant-emoji: normal; font-stretch: normal; font-size: 7pt; line-height: normal; font-family: 'Times New Roman';\">&nbsp;&nbsp;&nbsp;&nbsp;&nbsp;&nbsp;&nbsp;&nbsp;<\/span><\/span><span lang=\"es-419\" style=\"font-family: 'Arial',sans-serif; color: black;\">En las vallas ubicadas en culatas, su tama\u00f1o no podr\u00e1 exceder el 70% del \u00e1rea de las mismas, ni superar los costados laterales del inmueble.<\/span><\/p>\n<p><!-- [if !supportLists]--><span lang=\"es-419\" style=\"font-family: Symbol; mso-fareast-font-family: Symbol; mso-bidi-font-family: Symbol; color: black;\">\u00b7<span style=\"font-variant-numeric: normal; font-variant-east-asian: normal; font-variant-alternates: normal; font-size-adjust: none; font-language-override: normal; font-kerning: auto; font-optical-sizing: auto; font-feature-settings: normal; font-variation-settings: normal; font-variant-position: normal; font-variant-emoji: normal; font-stretch: normal; font-size: 7pt; line-height: normal; font-family: 'Times New Roman';\">&nbsp;&nbsp;&nbsp;&nbsp;&nbsp;&nbsp;&nbsp;&nbsp;<\/span><\/span><span lang=\"es-419\" style=\"font-family: 'Arial',sans-serif; color: black;\">En las vallas ubicadas sobre cubierta de inmuebles que no posean m\u00e1s de cuatro (4) pisos, el \u00e1rea total no ser\u00e1 superior a cuarenta (40) metros cuadrados ni superar los costados laterales del inmueble.<\/span><\/p>\n<p><span lang=\"es-419\" style=\"font-family: 'Arial',sans-serif;\">Esta documentaci\u00f3n puede enviarse a trav\u00e9s de los siguientes canales:<\/span><\/p>\n<p><!-- [if !supportLists]--><span lang=\"es-419\" style=\"font-family: Symbol; mso-fareast-font-family: Symbol; mso-bidi-font-family: Symbol;\">\u00b7<span style=\"font-variant-numeric: normal; font-variant-east-asian: normal; font-variant-alternates: normal; font-size-adjust: none; font-language-override: normal; font-kerning: auto; font-optical-sizing: auto; font-feature-settings: normal; font-variation-settings: normal; font-variant-position: normal; font-variant-emoji: normal; font-stretch: normal; font-size: 7pt; line-height: normal; font-family: 'Times New Roman';\">&nbsp; &nbsp; &nbsp; &nbsp; &nbsp;<\/span><\/span><!--[endif]--><span lang=\"es-419\"><a href=\"mailto:info@edumas.gov.co\"><span style=\"font-family: 'Arial',sans-serif;\">info@edumas.gov.co<\/span><\/a><\/span><\/p>\n<p><!-- [if !supportLists]--><span lang=\"es-419\" style=\"font-family: Symbol; mso-fareast-font-family: Symbol; mso-bidi-font-family: Symbol;\">\u00b7<span style=\"font-variant-numeric: normal; font-variant-east-asian: normal; font-variant-alternates: normal; font-size-adjust: none; font-language-override: normal; font-kerning: auto; font-optical-sizing: auto; font-feature-settings: normal; font-variation-settings: normal; font-variant-position: normal; font-variant-emoji: normal; font-stretch: normal; font-size: 7pt; line-height: normal; font-family: 'Times New Roman';\">&nbsp;&nbsp;&nbsp;&nbsp;&nbsp;&nbsp;&nbsp;&nbsp; <\/span><\/span><!--[endif]--><span lang=\"es-419\" style=\"font-family: 'Arial',sans-serif;\">De forma f\u00edsica: en un folder marr\u00f3n tama\u00f1o oficio con gancho legajador, en nuestras oficinas ubicadas en la carrera 23\u00aa No. 80-05, barrio los Almendros, Soledad \u2013 Atl\u00e1ntico.<\/span><\/p>\n<p>Para descargar el formato, da click aqu\u00ed &nbsp;\u21d2&nbsp;<a href=\"https:\/\/edumas.gov.co\/wp-content\/uploads\/2026\/01\/6.-Solicitud-de-registro-de-vallas-y-tubulares-01.2026.pdf\">Formato para registro de vallas<\/a><\/p>\n<p><strong>Tener en cuenta, para realizar pago, luego de recibir liquidaci\u00f3n:<\/strong><\/p>\n<ul>\n<li>Bot\u00f3n <a href=\"https:\/\/edumas.gov.co\/inicio\/\">\u201cPAGUE AQU\u00cd\u201d<\/a> de la pasarela de pago en la p\u00e1gina web <a href=\"www.edumas.gov.co\">edumas.gov.co<\/a><\/li>\n<li>Pago en corresponsal bancario bajo el convenio N\u00b0 45926 de Bancolombia c\u00f3digo de pago 13 seguido del NIT raz\u00f3n social solicitante.<\/li>\n<li>Consignaci\u00f3n o transferencia electr\u00f3nica a la cuenta de ahorros de Bancolombia No. 95790352743 con c\u00f3digo de pago No. 13 seguido del NIT o c\u00e9dula del solicitante.<\/li>\n<\/ul><\/div>\n\t\t\t\t<\/div>\n\t\t\t\t\t\t\t<div class=\"elementor-accordion-item\">\n\t\t\t\t\t<div id=\"elementor-tab-title-1602\" class=\"elementor-tab-title\" data-tab=\"2\" role=\"button\" aria-controls=\"elementor-tab-content-1602\" aria-expanded=\"false\">\n\t\t\t\t\t\t\t\t\t\t\t\t\t<span class=\"elementor-accordion-icon elementor-accordion-icon-left\" aria-hidden=\"true\">\n\t\t\t\t\t\t\t\t\t\t\t\t\t\t\t<span class=\"elementor-accordion-icon-closed\"><i class=\"fas fa-plus\"><\/i><\/span>\n\t\t\t\t\t\t\t\t<span class=\"elementor-accordion-icon-opened\"><i class=\"fas fa-minus\"><\/i><\/span>\n\t\t\t\t\t\t\t\t\t\t\t\t\t\t<\/span>\n\t\t\t\t\t\t\t\t\t\t\t\t<a class=\"elementor-accordion-title\" tabindex=\"0\">Solicitud registro Publicidad Movil<\/a>\n\t\t\t\t\t<\/div>\n\t\t\t\t\t<div id=\"elementor-tab-content-1602\" class=\"elementor-tab-content elementor-clearfix\" data-tab=\"2\" role=\"region\" aria-labelledby=\"elementor-tab-title-1602\"><h3>Pasos a Seguir:<\/h3><p>Descargue y diligencie el formato de\u00a0<strong>Registro Publicidad\u00a0M\u00f3vil<\/strong>\u00a0y anexe los siguientes documentos:<\/p><p>Se permitir\u00e1 la instalaci\u00f3n de avisos m\u00f3viles publicitarios instalados en veh\u00edculos automotores cumpliendo con las siguientes condiciones generales:<\/p><p>De acuerdo a la Resoluci\u00f3n 3019 de 2010, emanada por el Ministerio de Transporte, previo el cumplimiento de las disposiciones contenidas en la Ley 140 de 1994.<\/p><ol><li><strong>a) En buses, busetas y microbuses:\u00a0<\/strong>No se permitir\u00e1 la fijaci\u00f3n de vallas sobre la capota. Se podr\u00e1n adherir avisos o letreros, en las superficies laterales exteriores del veh\u00edculo, as\u00ed:<\/li><\/ol><p>. En la parte posterior, en el tercio central debajo del vidrio, con una dimensi\u00f3n no superior a 0.75 metros por 0.75 metros, permitiendo identificar el color registrado del veh\u00edculo.<\/p><p>. En los costados laterales, debajo de los vidrios, en una proporci\u00f3n m\u00e1xima del 50 % de la superficie de cada costado, de tal manera que permita identificar claramente los distintivos y colores de la empresa si se trata de un equipo de servicio p\u00fablico, o los colores originales del veh\u00edculo registrados en la licencia de tr\u00e1nsito, si se trata de un veh\u00edculo de servicio particular;<\/p><ol><li><strong>b) En los veh\u00edculos tipo autom\u00f3vil:\u00a0<\/strong>Se podr\u00e1 autorizar la colocaci\u00f3n de vallas y avisos, en las capotas de estos veh\u00edculos, siempre y cuando se instale sobre un aditamento resistente a los fen\u00f3menos naturales, de forma tal que se integre visualmente al elemento portante, en forma paralela y que su tama\u00f1o no supere el 50% del \u00e1rea de la capota ni tenga una altura superior a 0.50 metros.<\/li><\/ol><p>En los costados laterales, debajo de los vidrios, en una proporci\u00f3n m\u00e1xima del 50% de la superficie de cada costado, de tal manera que permita identificar claramente los colores originales del veh\u00edculo registrados en la licencia de tr\u00e1nsito. En los veh\u00edculos taxi y en los autom\u00f3viles destinados al servicio p\u00fablico de transporte, no podr\u00e1n instalarse o adherirse vallas, avisos o letreros en los costados laterales, ni en el trasero, excepto los que identifiquen la empresa y el tipo de servicio;<\/p><ol><li><strong>c) En veh\u00edculos de carga<\/strong>: Se permitir\u00e1 adherir avisos en los costados laterales de la carpa, carrocer\u00eda de estacas o l\u00e1minas met\u00e1licas de los furgones y contenedores. Tambi\u00e9n en la parte superior de la carrocer\u00eda cuando es met\u00e1lica o carpada. Los avisos deber\u00e1n asegurarse de tal manera que no exista peligro de caer a la v\u00eda, cumpliendo con lo establecido en el a<\/li><\/ol><p>Par\u00e1grafo. No podr\u00e1n portarse vallas, letreros o avisos, diferentes a los distintivos y colores de la empresa y los espec\u00edficos del tipo de servicio, en la parte posterior de los veh\u00edculos destinados al servicio p\u00fablico de transporte escolar.<\/p><ol><li><strong>d) Veh\u00edculos con plataforma, de uso exclusivo para el porte de vallas, avisos y letreros publicitarios.\u00a0<\/strong>Las vallas y avisos que se coloquen sobre plataformas se someter\u00e1n a las siguientes caracter\u00edsticas:<\/li><li>S\u00f3lo pueden existir dos caras laterales con publicidad con \u00e1rea m\u00e1xima de 4 x 2 metros, medidos desde el chasis, estas caras pueden estar iluminadas.<\/li><li>S\u00f3lo puede existir una cara trasera de m\u00e1ximo 2 x 1 metros de \u00e1rea, la cual, no debe tener iluminaci\u00f3n.<\/li><li>Capacidad de carga inferior a tres toneladas.<\/li><li>No pueden portar pasajeros en la plataforma, cuando el veh\u00edculo est\u00e9 en movimiento. Aquellos s\u00f3lo se podr\u00e1n subir a los costados laterales del veh\u00edculo cuando se encuentre totalmente detenido.<\/li><li>No pueden portar sonido, salvo cuando est\u00e9n est\u00e1ticos en un evento con autorizaci\u00f3n del alcalde local.<\/li><li>S\u00f3lo pueden transitar sobre la v\u00eda p\u00fablica no destinada a peatones.<\/li><li>No pueden exceder las normas de velocidad permitidas en el per\u00edmetro urbano.<\/li><li>En la noche, los m\u00f3viles deber\u00e1n mantener las luces de parqueo encendidas.<\/li><\/ol><p>La publicidad exterior visual autorizada en veh\u00edculos automotores destinados al servicio p\u00fablico de transporte de pasajeros, podr\u00e1 permanecer instala da durante el tiempo por el cual se haya otorgado la autorizaci\u00f3n, teniendo veinticuatro horas adicionales, improrrogables, para su desmonte o retiro, incluyendo todos los elementos adicionales u utilizados para el efecto..<\/p><ol><li>El valor del registro y la liquidaci\u00f3n del Impuesto a la Publicidad Exterior Visual se realizar\u00e1 con las siguientes tarifas y t\u00e9rminos, la cual se\u00a0 \u00a0 \u00a0 \u00a0 \u00a0 \u00a0 determinara de conformidad a lo preceptuado en el\u00a0<strong>Acuerdo Municipal N\u00b0 000211 de diciembre 10 de 2016\u00a0y lo establecido en la\u00a0 \u00a0 \u00a0 \u00a0 \u00a0 \u00a0 \u00a0 resoluci\u00f3n de tarifas N\u00b0 0033 del 03 de marzo de 2020\u00a0 expedida por el Establecimiento de Desarrollo Urbano y Medio\u00a0 \u00a0 \u00a0 \u00a0 \u00a0 \u00a0 \u00a0 \u00a0 \u00a0 \u00a0 \u00a0 Ambiente de Soledad \u2013 EDUMAS.<\/strong><\/li><li>Certificado de existencia y representaci\u00f3n legal con una vigencia no mayor a un mes, cuando el solicitante sea una persona jur\u00eddica.<\/li><li>Fotocopia de la c\u00e9dula de ciudadan\u00eda, cuando el solicitante sea una persona natural.<\/li><li>Poder debidamente otorgado, cuando se act\u00fae mediante poder.<\/li><li>Copia de la tarjeta de propiedad del veh\u00edculo<\/li><li>Autorizaci\u00f3n del propietario del veh\u00edculo.<\/li><li>Fotograf\u00eda o fotomontaje del veh\u00edculo con la publicidad.<\/li><li>Entregar los documentos en este orden en un f\u00f3lder legajado celug\u00eda.<\/li><\/ol><p>Tener en cuenta para realizar el pago luego de recibida la liquidaci\u00f3n: Convenio N\u00b0 45926 de Bancolombia c\u00f3digo de pago 13 seguido del NIT Raz\u00f3n Social Solicitante.<\/p><p>Para descargar el formato Da clic aqu\u00ed \u21d2\u00a0<a href=\"https:\/\/edumas.gov.co\/wp-content\/uploads\/2024\/10\/7.-Solicitud-de-registro-de-publicidad-movil-08.-2024.pdf\">FORMATO REGISTRO PUBLICIDAD M\u00d3VIL<\/a><\/p><\/div>\n\t\t\t\t<\/div>\n\t\t\t\t\t\t\t<div class=\"elementor-accordion-item\">\n\t\t\t\t\t<div id=\"elementor-tab-title-1603\" class=\"elementor-tab-title\" data-tab=\"3\" role=\"button\" aria-controls=\"elementor-tab-content-1603\" aria-expanded=\"false\">\n\t\t\t\t\t\t\t\t\t\t\t\t\t<span class=\"elementor-accordion-icon elementor-accordion-icon-left\" aria-hidden=\"true\">\n\t\t\t\t\t\t\t\t\t\t\t\t\t\t\t<span class=\"elementor-accordion-icon-closed\"><i class=\"fas fa-plus\"><\/i><\/span>\n\t\t\t\t\t\t\t\t<span class=\"elementor-accordion-icon-opened\"><i class=\"fas fa-minus\"><\/i><\/span>\n\t\t\t\t\t\t\t\t\t\t\t\t\t\t<\/span>\n\t\t\t\t\t\t\t\t\t\t\t\t<a class=\"elementor-accordion-title\" tabindex=\"0\">Solicitud registro Pasacalles y Pendones<\/a>\n\t\t\t\t\t<\/div>\n\t\t\t\t\t<div id=\"elementor-tab-content-1603\" class=\"elementor-tab-content elementor-clearfix\" data-tab=\"3\" role=\"region\" aria-labelledby=\"elementor-tab-title-1603\"><h3>Pasos a Seguir:<\/h3><ol><li>Descargue y diligencie el formato de\u00a0<strong>Registro Pasacalles y Pendones<\/strong>\u00a0y anexe los siguientes documentos:<\/li><\/ol><p><strong>Los pasacalles o pasav\u00edas deber\u00e1n cumplir las siguientes condiciones:<\/strong><\/p><ol><li>a) Deber\u00e1n ser elaborados en tela perforados de tal forma que permitan la libre circulaci\u00f3n del aire.<\/li><li>b) No podr\u00e1n sobrepasar un ancho de 0.75 metros y tener una longitud m\u00e1xima igual al de la v\u00eda, incluyendo los elementos utilizados para su instalaci\u00f3n.<\/li><li>c) Entre uno y otro deber\u00e1 existir una distancia m\u00ednima de 300 metros.<\/li><li>d) Deber\u00e1n estar instalados a una altura \u00fanica de cinco (5) metros con relaci\u00f3n al nivel de la calzada.<\/li><li>e) Podr\u00e1n contener mensajes publicitarios siempre y cuando estos no sobrepasen el 25% del \u00e1rea del elemento.<\/li><\/ol><p><strong>En relaci\u00f3n con los pasacalles o pasav\u00edas se proh\u00edbe:<\/strong><\/p><ol><li>a) Sobre v\u00edas arterias ejes de actividad m\u00faltiple.<\/li><li>b) En las luminarias de parques, plazoletas, v\u00edas peatonales, zonas verdes, elementos del sistema h\u00eddrico, orogr\u00e1fico y similar.<\/li><li>c) Sobre v\u00edas de car\u00e1cter paisaj\u00edstico o tur\u00edstico, zonas de conservaci\u00f3n urban\u00edstica e hist\u00f3rica de la ciudad.<\/li><li>d) En puentes peatonales, vehiculares, andenes, separadores de v\u00edas y en las fachadas de las edificaciones.<\/li><li>e) Sujetados a elementos naturales como \u00e1rboles, rocas y similares.<\/li><\/ol><p><strong>Los pendones deber\u00e1n cumplir las siguientes condiciones:<\/strong><\/p><ol><li>a) Colocarse adosados sobre las fachadas.<\/li><li>b) Deber\u00e1n ser elaborados en tela y sostenidos en la parte superior e inferior por una estructura simple y r\u00edgida.<\/li><li>c) No podr\u00e1n sobrepasar los dos (2) metros cuadrados.<\/li><li>d) Entre uno y otro deber\u00e1 existir una distancia m\u00ednima de doscientos (200) metros.<\/li><li>El valor del registro y la liquidaci\u00f3n del Impuesto a la Publicidad Exterior Visual se realizar\u00e1 con las siguientes tarifas y t\u00e9rminos, la cual se determinara de conformidad a lo preceptuado en el\u00a0<strong>Acuerdo Municipal N\u00b0 000211 de diciembre 10 de 2016\u00a0y lo establecido en la resoluci\u00f3n de tarifas N\u00b0 0033 del 03 de marzo de 2020\u00a0 expedida por el Establecimiento de Desarrollo Urbano y Medio Ambiente de Soledad \u2013 EDUMAS.<\/strong><\/li><li>Original y copia del recibo oficial de pago por la expedici\u00f3n del permiso.<\/li><li>Certificado de existencia y representaci\u00f3n legal con una vigencia no mayor a un mes, cuando el solicitante sea una persona jur\u00eddica.<\/li><li>Fotocopia de la c\u00e9dula de ciudadan\u00eda, cuando el solicitante sea una persona natural.<\/li><li>Poder debidamente otorgado, cuando se act\u00fae mediante poder.<\/li><li>Entregar los documentos en este orden en un f\u00f3lder legajado celug\u00eda.<\/li><li>Fotomontaje del aviso o foto del pend\u00f3n o pasacalles cuando ya est\u00e9 instalado seg\u00fan el caso.<\/li><\/ol><p>Tener en cuenta para realizar el pago luego de recibida la liquidaci\u00f3n: Convenio N\u00b0 45926 de Bancolombia c\u00f3digo de pago 13 seguido del NIT Raz\u00f3n Social Solicitante.<\/p><p>Para descargar el formato Da clic aqu\u00ed \u21d2\u00a0<a href=\"https:\/\/edumas.gov.co\/wp-content\/uploads\/2024\/10\/5.-Solicitud-de-registro-de-pasacalles-y-pendones-08.-2024.pdf\">FORMATO REGISTRO PASACALLES Y PENDONES<\/a><\/p><\/div>\n\t\t\t\t<\/div>\n\t\t\t\t\t\t\t<div class=\"elementor-accordion-item\">\n\t\t\t\t\t<div id=\"elementor-tab-title-1604\" class=\"elementor-tab-title\" data-tab=\"4\" role=\"button\" aria-controls=\"elementor-tab-content-1604\" aria-expanded=\"false\">\n\t\t\t\t\t\t\t\t\t\t\t\t\t<span class=\"elementor-accordion-icon elementor-accordion-icon-left\" aria-hidden=\"true\">\n\t\t\t\t\t\t\t\t\t\t\t\t\t\t\t<span class=\"elementor-accordion-icon-closed\"><i class=\"fas fa-plus\"><\/i><\/span>\n\t\t\t\t\t\t\t\t<span class=\"elementor-accordion-icon-opened\"><i class=\"fas fa-minus\"><\/i><\/span>\n\t\t\t\t\t\t\t\t\t\t\t\t\t\t<\/span>\n\t\t\t\t\t\t\t\t\t\t\t\t<a class=\"elementor-accordion-title\" tabindex=\"0\">Solicitud registro Aviso<\/a>\n\t\t\t\t\t<\/div>\n\t\t\t\t\t<div id=\"elementor-tab-content-1604\" class=\"elementor-tab-content elementor-clearfix\" data-tab=\"4\" role=\"region\" aria-labelledby=\"elementor-tab-title-1604\"><h3>Pasos a Seguir:<\/h3><p>Descargue y diligencie el formato de\u00a0<strong>Registro Solicitud Aviso<\/strong>\u00a0y anexe los siguientes documentos:<\/p><p><strong>S\u00f3lo se permitir\u00e1 la instalaci\u00f3n de avisos bajo las siguientes condiciones:<\/strong><\/p><ol><li>a) Un (1) aviso por cada establecimiento o local comercial, salvo que la edificaci\u00f3n contenga dos (2) o m\u00e1s fachadas, en cuyo caso se autorizar\u00e1 uno por cada una de ellas.<\/li><li>b) Ubicados en el paramento de la edificaci\u00f3n, en forma paralela a la l\u00ednea de fachada y adosada a ella, siempre y cuando su tama\u00f1o no supere los costados laterales de dichos inmuebles.<\/li><li>c) El \u00e1rea del aviso no ser\u00e1 mayor de doce (12) metros cuadrados ni mayor del 20% del \u00e1rea estricta de la fachada del local comercial. La autoridad competente podr\u00e1 fijar \u00e1reas menores a la establecida, si lo estima necesario, lo cual formular\u00e1 mediante circulares.<\/li><li>d) En las zonas exclusivamente residenciales y patrimonio hist\u00f3rico, los avisos no podr\u00e1n exceder de dos metros cuadrados y no podr\u00e1 utilizar luces intermitentes.<\/li><li>e) En edificios con varias actividades, se permitir\u00e1 la colocaci\u00f3n de un aviso en forma de mosaico con todos los nombres comerciales por cada acceso a la edificaci\u00f3n.<\/li><li>f) En estaciones de servicio, el nombre de la estaci\u00f3n deber\u00e1 ir adosado o sobre la cubierta de la edificaci\u00f3n, con iluminaci\u00f3n fija.<\/li><\/ol><p><strong>Est\u00e1 terminantemente prohibido colocar avisos en los siguientes lugares y condiciones:<\/strong><\/p><ol><li>a) Sobre el espacio p\u00fablico.<\/li><li>b) Colocados perpendiculares a las fachadas.<\/li><li>c) Volados o salientes de la fachada.<\/li><li>d) Elaborados con pinturas o materiales reflectivos.<\/li><li>e) Suspendidos en antepechos superiores al segundo (2\u00b0) piso o adosados, pintados o incorporados en cualquier forma a las puertas y ventanas.<\/li><li>f) En edificaciones diferentes a aquellas en las cuales se desarrolla la actividad comercial o industrial del anunciante.<\/li><li>g) En iglesias, monumentos, edificios p\u00fablicos, en \u00e1rboles, antejardines, andenes, calzadas viales, zonas verdes, fuentes ornamentales, cruces de v\u00edas a diferentes niveles y en la se\u00f1alizaci\u00f3n vial.<\/li><li>h) Se proh\u00edben objetos que funcionen como avisos publicitarios que obstaculicen el tr\u00e1nsito peatonal, como maniqu\u00edes, mercanc\u00eda, ni cualquier otro fuera del paramento de construcci\u00f3n.<\/li><li>i) En las puertas, ventanas, ni fachadas a maneras de carteles, elaborados con pintura o similares en lat\u00f3n, madera u otro similar.<\/li><li>j) En estaciones de servicio y casas funerarias no se permiten avisos con iluminaci\u00f3n intermitente, ni de movimiento.<\/li><li>k) Utilizar se\u00f1ales de tr\u00e1nsito o s\u00edmbolos con fines publicitarios<\/li><li>El valor del registro y la liquidaci\u00f3n del Impuesto a la Publicidad Exterior Visual se realizar\u00e1 con las siguientes tarifas y t\u00e9rminos, la cual se determinara de conformidad a lo preceptuado en el\u00a0<strong>Acuerdo Municipal N\u00b0 000211 de diciembre 10 de 2016\u00a0y lo establecido en la\u00a0 \u00a0 resoluci\u00f3n de tarifas N\u00b0 0033 del 03 de marzo de 2020\u00a0 expedida por el Establecimiento de Desarrollo Urbano y Medio\u00a0 \u00a0 \u00a0 \u00a0 \u00a0 \u00a0 \u00a0 Ambiente de Soledad \u2013 EDUMAS.<\/strong><\/li><li>Original y copia del recibo oficial de pago por la expedici\u00f3n del permiso.<\/li><li>Certificado de existencia y representaci\u00f3n legal con una vigencia no mayor a un mes, cuando el solicitante sea una persona jur\u00eddica.<\/li><li>Fotocopia de la c\u00e9dula de ciudadan\u00eda, cuando el solicitante sea una persona natural.<\/li><li>Poder debidamente otorgado, cuando se act\u00fae mediante poder.<\/li><li>Entregar los documentos en este orden en un f\u00f3lder legajado celug\u00eda.<\/li><li>Fotomontaje del aviso o foto del aviso cuando ya est\u00e9 instalado seg\u00fan el caso.<\/li><\/ol><p>Convenio N\u00b0 45926 de Bancolombia c\u00f3digo de pago 13 seguido del NIT Raz\u00f3n Social Solicitante.<\/p><p>Para descargar el formato Da clic aqu\u00ed\u00a0\u21d2\u00a0<a href=\"https:\/\/edumas.gov.co\/wp-content\/uploads\/2024\/10\/8.-Solicitud-de-registro-de-avisos-08.2024.pdf\">FORMATO SOLICITUD AVISO<\/a><\/p><\/div>\n\t\t\t\t<\/div>\n\t\t\t\t\t\t\t\t<\/div>\n\t\t\t\t\t\t<\/div>\n\t\t\t\t<\/div>\n\t\t\t\t\t<\/div>\n\t\t<\/div>\n\t\t\t\t\t<\/div>\n\t\t<\/section>\n\t\t\t\t\t<\/div>\n\t\t<\/div>\n\t\t\t\t\t<\/div>\n\t\t<\/section>\n\t\t\t\t<\/div>\n\t\t","protected":false},"excerpt":{"rendered":"<p>Solicitud de registro de vallas Pasos a seguir: El procedimiento para registrar la publicidad exterior visual (PEV) en el municipio de Soledad se desarrolla a trav\u00e9s de los siguientes pasos: \u00b7&nbsp;Descarga del formulario: el solicitante debe descargar el formulario de registro de PEV disponible en la p\u00e1gina Web del Edumas. Ver link abajo. \u00b7&nbsp;&nbsp;Presentaci\u00f3n de [&hellip;]<\/p>\n","protected":false},"author":1,"featured_media":0,"parent":0,"menu_order":0,"comment_status":"closed","ping_status":"closed","template":"","meta":{"footnotes":""},"class_list":["post-3010","page","type-page","status-publish","hentry"],"yoast_head":"<!-- This site is optimized with the Yoast SEO plugin v27.4 - https:\/\/yoast.com\/product\/yoast-seo-wordpress\/ -->\n<title>Registro Publicidad Exterior Visual - PEV - Edumas<\/title>\n<meta name=\"robots\" content=\"index, follow, max-snippet:-1, max-image-preview:large, max-video-preview:-1\" \/>\n<link rel=\"canonical\" href=\"https:\/\/edumas.gov.co\/inicio\/registro-publicidad-exterior-visual-pev-2\/\" \/>\n<meta property=\"og:locale\" content=\"es_ES\" \/>\n<meta property=\"og:type\" content=\"article\" \/>\n<meta property=\"og:title\" content=\"Registro Publicidad Exterior Visual - PEV - Edumas\" \/>\n<meta property=\"og:description\" content=\"Solicitud de registro de vallas Pasos a seguir: El procedimiento para registrar la publicidad exterior visual (PEV) en el municipio de Soledad se desarrolla a trav\u00e9s de los siguientes pasos: \u00b7&nbsp;Descarga del formulario: el solicitante debe descargar el formulario de registro de PEV disponible en la p\u00e1gina Web del Edumas. Ver link abajo. \u00b7&nbsp;&nbsp;Presentaci\u00f3n de [&hellip;]\" \/>\n<meta property=\"og:url\" content=\"https:\/\/edumas.gov.co\/inicio\/registro-publicidad-exterior-visual-pev-2\/\" \/>\n<meta property=\"og:site_name\" content=\"Edumas\" \/>\n<meta property=\"article:modified_time\" content=\"2026-01-09T19:52:33+00:00\" \/>\n<meta name=\"twitter:card\" content=\"summary_large_image\" \/>\n<meta name=\"twitter:label1\" content=\"Tiempo de lectura\" \/>\n\t<meta name=\"twitter:data1\" content=\"11 minutos\" \/>\n<script type=\"application\/ld+json\" class=\"yoast-schema-graph\">{\"@context\":\"https:\\\/\\\/schema.org\",\"@graph\":[{\"@type\":\"WebPage\",\"@id\":\"https:\\\/\\\/edumas.gov.co\\\/inicio\\\/registro-publicidad-exterior-visual-pev-2\\\/\",\"url\":\"https:\\\/\\\/edumas.gov.co\\\/inicio\\\/registro-publicidad-exterior-visual-pev-2\\\/\",\"name\":\"Registro Publicidad Exterior Visual - PEV - Edumas\",\"isPartOf\":{\"@id\":\"https:\\\/\\\/edumas.gov.co\\\/inicio\\\/#website\"},\"datePublished\":\"2024-10-02T16:31:29+00:00\",\"dateModified\":\"2026-01-09T19:52:33+00:00\",\"breadcrumb\":{\"@id\":\"https:\\\/\\\/edumas.gov.co\\\/inicio\\\/registro-publicidad-exterior-visual-pev-2\\\/#breadcrumb\"},\"inLanguage\":\"es\",\"potentialAction\":[{\"@type\":\"ReadAction\",\"target\":[\"https:\\\/\\\/edumas.gov.co\\\/inicio\\\/registro-publicidad-exterior-visual-pev-2\\\/\"]}]},{\"@type\":\"BreadcrumbList\",\"@id\":\"https:\\\/\\\/edumas.gov.co\\\/inicio\\\/registro-publicidad-exterior-visual-pev-2\\\/#breadcrumb\",\"itemListElement\":[{\"@type\":\"ListItem\",\"position\":1,\"name\":\"Portada\",\"item\":\"https:\\\/\\\/edumas.gov.co\\\/inicio\\\/\"},{\"@type\":\"ListItem\",\"position\":2,\"name\":\"Registro Publicidad Exterior Visual &#8211; PEV\"}]},{\"@type\":\"WebSite\",\"@id\":\"https:\\\/\\\/edumas.gov.co\\\/inicio\\\/#website\",\"url\":\"https:\\\/\\\/edumas.gov.co\\\/inicio\\\/\",\"name\":\"Edumas\",\"description\":\"Edumas\",\"publisher\":{\"@id\":\"https:\\\/\\\/edumas.gov.co\\\/inicio\\\/#organization\"},\"potentialAction\":[{\"@type\":\"SearchAction\",\"target\":{\"@type\":\"EntryPoint\",\"urlTemplate\":\"https:\\\/\\\/edumas.gov.co\\\/inicio\\\/?s={search_term_string}\"},\"query-input\":{\"@type\":\"PropertyValueSpecification\",\"valueRequired\":true,\"valueName\":\"search_term_string\"}}],\"inLanguage\":\"es\"},{\"@type\":\"Organization\",\"@id\":\"https:\\\/\\\/edumas.gov.co\\\/inicio\\\/#organization\",\"name\":\"Edumas\",\"url\":\"https:\\\/\\\/edumas.gov.co\\\/inicio\\\/\",\"logo\":{\"@type\":\"ImageObject\",\"inLanguage\":\"es\",\"@id\":\"https:\\\/\\\/edumas.gov.co\\\/inicio\\\/#\\\/schema\\\/logo\\\/image\\\/\",\"url\":\"https:\\\/\\\/edumas.gov.co\\\/wp-content\\\/uploads\\\/2024\\\/10\\\/Perfil-Instagram-PhotoRoom.png-PhotoRoom.png\",\"contentUrl\":\"https:\\\/\\\/edumas.gov.co\\\/wp-content\\\/uploads\\\/2024\\\/10\\\/Perfil-Instagram-PhotoRoom.png-PhotoRoom.png\",\"width\":648,\"height\":233,\"caption\":\"Edumas\"},\"image\":{\"@id\":\"https:\\\/\\\/edumas.gov.co\\\/inicio\\\/#\\\/schema\\\/logo\\\/image\\\/\"}}]}<\/script>\n<!-- \/ Yoast SEO plugin. -->","yoast_head_json":{"title":"Registro Publicidad Exterior Visual - PEV - Edumas","robots":{"index":"index","follow":"follow","max-snippet":"max-snippet:-1","max-image-preview":"max-image-preview:large","max-video-preview":"max-video-preview:-1"},"canonical":"https:\/\/edumas.gov.co\/inicio\/registro-publicidad-exterior-visual-pev-2\/","og_locale":"es_ES","og_type":"article","og_title":"Registro Publicidad Exterior Visual - PEV - Edumas","og_description":"Solicitud de registro de vallas Pasos a seguir: El procedimiento para registrar la publicidad exterior visual (PEV) en el municipio de Soledad se desarrolla a trav\u00e9s de los siguientes pasos: \u00b7&nbsp;Descarga del formulario: el solicitante debe descargar el formulario de registro de PEV disponible en la p\u00e1gina Web del Edumas. Ver link abajo. \u00b7&nbsp;&nbsp;Presentaci\u00f3n de [&hellip;]","og_url":"https:\/\/edumas.gov.co\/inicio\/registro-publicidad-exterior-visual-pev-2\/","og_site_name":"Edumas","article_modified_time":"2026-01-09T19:52:33+00:00","twitter_card":"summary_large_image","twitter_misc":{"Tiempo de lectura":"11 minutos"},"schema":{"@context":"https:\/\/schema.org","@graph":[{"@type":"WebPage","@id":"https:\/\/edumas.gov.co\/inicio\/registro-publicidad-exterior-visual-pev-2\/","url":"https:\/\/edumas.gov.co\/inicio\/registro-publicidad-exterior-visual-pev-2\/","name":"Registro Publicidad Exterior Visual - PEV - Edumas","isPartOf":{"@id":"https:\/\/edumas.gov.co\/inicio\/#website"},"datePublished":"2024-10-02T16:31:29+00:00","dateModified":"2026-01-09T19:52:33+00:00","breadcrumb":{"@id":"https:\/\/edumas.gov.co\/inicio\/registro-publicidad-exterior-visual-pev-2\/#breadcrumb"},"inLanguage":"es","potentialAction":[{"@type":"ReadAction","target":["https:\/\/edumas.gov.co\/inicio\/registro-publicidad-exterior-visual-pev-2\/"]}]},{"@type":"BreadcrumbList","@id":"https:\/\/edumas.gov.co\/inicio\/registro-publicidad-exterior-visual-pev-2\/#breadcrumb","itemListElement":[{"@type":"ListItem","position":1,"name":"Portada","item":"https:\/\/edumas.gov.co\/inicio\/"},{"@type":"ListItem","position":2,"name":"Registro Publicidad Exterior Visual &#8211; PEV"}]},{"@type":"WebSite","@id":"https:\/\/edumas.gov.co\/inicio\/#website","url":"https:\/\/edumas.gov.co\/inicio\/","name":"Edumas","description":"Edumas","publisher":{"@id":"https:\/\/edumas.gov.co\/inicio\/#organization"},"potentialAction":[{"@type":"SearchAction","target":{"@type":"EntryPoint","urlTemplate":"https:\/\/edumas.gov.co\/inicio\/?s={search_term_string}"},"query-input":{"@type":"PropertyValueSpecification","valueRequired":true,"valueName":"search_term_string"}}],"inLanguage":"es"},{"@type":"Organization","@id":"https:\/\/edumas.gov.co\/inicio\/#organization","name":"Edumas","url":"https:\/\/edumas.gov.co\/inicio\/","logo":{"@type":"ImageObject","inLanguage":"es","@id":"https:\/\/edumas.gov.co\/inicio\/#\/schema\/logo\/image\/","url":"https:\/\/edumas.gov.co\/wp-content\/uploads\/2024\/10\/Perfil-Instagram-PhotoRoom.png-PhotoRoom.png","contentUrl":"https:\/\/edumas.gov.co\/wp-content\/uploads\/2024\/10\/Perfil-Instagram-PhotoRoom.png-PhotoRoom.png","width":648,"height":233,"caption":"Edumas"},"image":{"@id":"https:\/\/edumas.gov.co\/inicio\/#\/schema\/logo\/image\/"}}]}},"_links":{"self":[{"href":"https:\/\/edumas.gov.co\/inicio\/wp-json\/wp\/v2\/pages\/3010","targetHints":{"allow":["GET"]}}],"collection":[{"href":"https:\/\/edumas.gov.co\/inicio\/wp-json\/wp\/v2\/pages"}],"about":[{"href":"https:\/\/edumas.gov.co\/inicio\/wp-json\/wp\/v2\/types\/page"}],"author":[{"embeddable":true,"href":"https:\/\/edumas.gov.co\/inicio\/wp-json\/wp\/v2\/users\/1"}],"replies":[{"embeddable":true,"href":"https:\/\/edumas.gov.co\/inicio\/wp-json\/wp\/v2\/comments?post=3010"}],"version-history":[{"count":31,"href":"https:\/\/edumas.gov.co\/inicio\/wp-json\/wp\/v2\/pages\/3010\/revisions"}],"predecessor-version":[{"id":7059,"href":"https:\/\/edumas.gov.co\/inicio\/wp-json\/wp\/v2\/pages\/3010\/revisions\/7059"}],"wp:attachment":[{"href":"https:\/\/edumas.gov.co\/inicio\/wp-json\/wp\/v2\/media?parent=3010"}],"curies":[{"name":"wp","href":"https:\/\/api.w.org\/{rel}","templated":true}]}}