{"id":3021,"date":"2024-10-02T16:41:52","date_gmt":"2024-10-02T16:41:52","guid":{"rendered":"https:\/\/test.edumas.gov.co\/?page_id=3021"},"modified":"2025-11-07T17:17:48","modified_gmt":"2025-11-07T17:17:48","slug":"registro-permiso-temporal-ocupacion-espacio-publico","status":"publish","type":"page","link":"https:\/\/edumas.gov.co\/inicio\/registro-permiso-temporal-ocupacion-espacio-publico\/","title":{"rendered":"Tr\u00e1mites espacio p\u00fablico"},"content":{"rendered":"\t\t<div data-elementor-type=\"wp-page\" data-elementor-id=\"3021\" class=\"elementor elementor-3021\" data-elementor-post-type=\"page\">\n\t\t\t\t\t\t<section data-dce-background-image-url=\"https:\/\/test.edumas.gov.co\/wp-content\/uploads\/2023\/10\/Sitio-Web-Corporativo-Portada-de-Facebook.jpg\" class=\"elementor-section elementor-top-section elementor-element elementor-element-7545fb0 elementor-section-full_width elementor-section-height-default elementor-section-height-default\" data-id=\"7545fb0\" data-element_type=\"section\" data-settings=\"{&quot;background_background&quot;:&quot;classic&quot;}\">\n\t\t\t\t\t\t\t<div class=\"elementor-background-overlay\"><\/div>\n\t\t\t\t\t\t\t<div class=\"elementor-container elementor-column-gap-default\">\n\t\t\t\t\t<div class=\"elementor-column elementor-col-100 elementor-top-column elementor-element elementor-element-437b16f\" data-id=\"437b16f\" data-element_type=\"column\" data-settings=\"{&quot;background_background&quot;:&quot;classic&quot;}\">\n\t\t\t<div class=\"elementor-widget-wrap elementor-element-populated\">\n\t\t\t\t\t\t<section class=\"elementor-section elementor-inner-section elementor-element elementor-element-f10ad58 elementor-section-boxed elementor-section-height-default elementor-section-height-default elementor-invisible\" data-id=\"f10ad58\" data-element_type=\"section\" data-settings=\"{&quot;background_background&quot;:&quot;classic&quot;,&quot;animation&quot;:&quot;zoomIn&quot;}\">\n\t\t\t\t\t\t<div class=\"elementor-container elementor-column-gap-default\">\n\t\t\t\t\t<div class=\"elementor-column elementor-col-100 elementor-inner-column elementor-element elementor-element-4f4b99f\" data-id=\"4f4b99f\" data-element_type=\"column\">\n\t\t\t<div class=\"elementor-widget-wrap elementor-element-populated\">\n\t\t\t\t\t\t<div class=\"elementor-element elementor-element-17a7515 animated-fast elementor-invisible elementor-widget elementor-widget-heading\" data-id=\"17a7515\" data-element_type=\"widget\" data-settings=\"{&quot;_animation&quot;:&quot;fadeInDown&quot;,&quot;_animation_delay&quot;:400}\" data-widget_type=\"heading.default\">\n\t\t\t\t<div class=\"elementor-widget-container\">\n\t\t\t\t\t<h1 class=\"elementor-heading-title elementor-size-default\">Tr\u00e1mites espacio p\u00fablico<\/h1>\t\t\t\t<\/div>\n\t\t\t\t<\/div>\n\t\t\t\t\t<\/div>\n\t\t<\/div>\n\t\t\t\t\t<\/div>\n\t\t<\/section>\n\t\t\t\t\t<\/div>\n\t\t<\/div>\n\t\t\t\t\t<\/div>\n\t\t<\/section>\n\t\t\t\t<section class=\"elementor-section elementor-top-section elementor-element elementor-element-507f1de elementor-section-boxed elementor-section-height-default elementor-section-height-default\" data-id=\"507f1de\" data-element_type=\"section\">\n\t\t\t\t\t\t<div class=\"elementor-container elementor-column-gap-default\">\n\t\t\t\t\t<div class=\"elementor-column elementor-col-100 elementor-top-column elementor-element elementor-element-1df2f42\" data-id=\"1df2f42\" data-element_type=\"column\">\n\t\t\t<div class=\"elementor-widget-wrap elementor-element-populated\">\n\t\t\t\t\t\t<section class=\"elementor-section elementor-inner-section elementor-element elementor-element-333a5ef elementor-section-boxed elementor-section-height-default elementor-section-height-default\" data-id=\"333a5ef\" data-element_type=\"section\">\n\t\t\t\t\t\t<div class=\"elementor-container elementor-column-gap-default\">\n\t\t\t\t\t<div class=\"elementor-column elementor-col-100 elementor-inner-column elementor-element elementor-element-c5f047d\" data-id=\"c5f047d\" data-element_type=\"column\">\n\t\t\t<div class=\"elementor-widget-wrap elementor-element-populated\">\n\t\t\t\t\t\t<div class=\"elementor-element elementor-element-923b9ec elementor-widget elementor-widget-accordion\" data-id=\"923b9ec\" data-element_type=\"widget\" data-widget_type=\"accordion.default\">\n\t\t\t\t<div class=\"elementor-widget-container\">\n\t\t\t\t\t\t\t<div class=\"elementor-accordion\">\n\t\t\t\t\t\t\t<div class=\"elementor-accordion-item\">\n\t\t\t\t\t<div id=\"elementor-tab-title-1531\" class=\"elementor-tab-title\" data-tab=\"1\" role=\"button\" aria-controls=\"elementor-tab-content-1531\" aria-expanded=\"false\">\n\t\t\t\t\t\t\t\t\t\t\t\t\t<span class=\"elementor-accordion-icon elementor-accordion-icon-left\" aria-hidden=\"true\">\n\t\t\t\t\t\t\t\t\t\t\t\t\t\t\t<span class=\"elementor-accordion-icon-closed\"><i class=\"fas fa-plus\"><\/i><\/span>\n\t\t\t\t\t\t\t\t<span class=\"elementor-accordion-icon-opened\"><i class=\"fas fa-minus\"><\/i><\/span>\n\t\t\t\t\t\t\t\t\t\t\t\t\t\t<\/span>\n\t\t\t\t\t\t\t\t\t\t\t\t<a class=\"elementor-accordion-title\" tabindex=\"0\">Solicitud Permisos de Roturas<\/a>\n\t\t\t\t\t<\/div>\n\t\t\t\t\t<div id=\"elementor-tab-content-1531\" class=\"elementor-tab-content elementor-clearfix\" data-tab=\"1\" role=\"region\" aria-labelledby=\"elementor-tab-title-1531\"><h3>Pasos a seguir:<\/h3>\n<p>Descargue y diligencie el formato de&nbsp;<strong>Registro Permiso Rotura<\/strong>&nbsp;y anexe los siguientes documentos:<\/p>\n<p style=\"text-align: start; text-indent: 0px; \"><span style=\"font-size: 12pt; background-color: transparent; text-indent: -18pt; text-align: justify;\">1. Fo<\/span><span style=\"font-family: Aptos, sans-serif; font-size: 12pt; background-color: transparent; text-indent: -18pt; text-align: justify;\">rmato de Registro Permiso Rotura diligenciado.<\/span><\/p>\n<p style=\"text-align: start; text-indent: 0px; \"><span style=\"font-family: Aptos, sans-serif; font-size: 12pt; background-color: transparent; text-indent: -18pt; text-align: justify;\">2.&nbsp;<\/span><span style=\"font-family: Aptos, sans-serif; font-size: 12pt;\">Planos a escala donde se se\u00f1alan las \u00e1reas a intervenir, firmados por el ingeniero o&nbsp;arquitecto responsable de la obra.<\/span><span style=\"background-color: transparent; font-family: Aptos, sans-serif; font-size: 12pt; text-align: justify; text-indent: -18pt;\">&nbsp;<\/span><\/p>\n<p style=\"text-align: start; text-indent: 0px; \"><span lang=\"ES\" style=\"text-align: justify; text-indent: -18pt; background-color: transparent;\">3.<span style=\"font-variant-numeric: normal; font-variant-east-asian: normal; font-variant-alternates: normal; font-size-adjust: none; font-kerning: auto; font-optical-sizing: auto; font-feature-settings: normal; font-variation-settings: normal; font-variant-position: normal; font-variant-emoji: normal; font-stretch: normal; font-size: 7pt; line-height: normal; font-family: &quot;Times New Roman&quot;;\">&nbsp;&nbsp;&nbsp;&nbsp;&nbsp; <\/span><\/span><span lang=\"ES\" style=\"text-align: justify; text-indent: -18pt; background-color: transparent;\">Diagn<\/span><span lang=\"ES\" style=\"text-align: justify; text-indent: -18pt; background-color: transparent;\">\u00f3<\/span><span lang=\"ES\" style=\"text-align: justify; text-indent: -18pt; background-color: transparent;\">stico&nbsp;<\/span><span lang=\"ES\" style=\"text-align: justify; text-indent: -18pt; background-color: transparent;\">de la situaci<\/span><span lang=\"ES\" style=\"text-align: justify; text-indent: -18pt; background-color: transparent;\">\u00f3<\/span><span lang=\"ES\" style=\"text-align: justify; text-indent: -18pt; background-color: transparent;\">n&nbsp;<\/span><span lang=\"ES\" style=\"text-align: justify; text-indent: -18pt; background-color: transparent;\">estructural del pavimento o infraestructura a intervenir acompa<\/span><span lang=\"ES\" style=\"text-align: justify; text-indent: -18pt; background-color: transparent;\">\u00f1<\/span><span lang=\"ES\" style=\"text-align: justify; text-indent: -18pt; background-color: transparent;\">ado de registro fotogr<\/span><span lang=\"ES\" style=\"text-align: justify; text-indent: -18pt; background-color: transparent;\">\u00e1<\/span><span lang=\"ES\" style=\"text-align: justify; text-indent: -18pt; background-color: transparent;\">fico.<\/span><\/p>\n<p style=\"text-align: start; text-indent: 0px; \"><span lang=\"ES\" style=\"text-align: justify; text-indent: -18pt; background-color: transparent;\">4.<span style=\"font-variant-numeric: normal; font-variant-east-asian: normal; font-variant-alternates: normal; font-size-adjust: none; font-kerning: auto; font-optical-sizing: auto; font-feature-settings: normal; font-variation-settings: normal; font-variant-position: normal; font-variant-emoji: normal; font-stretch: normal; font-size: 7pt; line-height: normal; font-family: &quot;Times New Roman&quot;;\">&nbsp;&nbsp;&nbsp;&nbsp;&nbsp; <\/span><\/span><span lang=\"ES\" style=\"text-align: justify; text-indent: -18pt; background-color: transparent;\">Cronograma detallado de los trabajos a realizar.<\/span><\/p>\n<p style=\"text-align: start; text-indent: 0px; \"><span lang=\"ES\" style=\"text-align: justify; text-indent: -18pt; background-color: transparent;\">5.<span style=\"font-variant-numeric: normal; font-variant-east-asian: normal; font-variant-alternates: normal; font-size-adjust: none; font-kerning: auto; font-optical-sizing: auto; font-feature-settings: normal; font-variation-settings: normal; font-variant-position: normal; font-variant-emoji: normal; font-stretch: normal; font-size: 7pt; line-height: normal; font-family: &quot;Times New Roman&quot;;\">&nbsp;&nbsp;&nbsp;&nbsp;&nbsp; <\/span><\/span><span lang=\"ES\" style=\"text-align: justify; text-indent: -18pt; background-color: transparent;\">Presupuesto de la obra a ejecutar.<\/span><\/p>\n<p style=\"text-align: start; text-indent: 0px; \"><span lang=\"ES\" style=\"text-align: justify; text-indent: -18pt; background-color: transparent;\">6.<span style=\"font-variant-numeric: normal; font-variant-east-asian: normal; font-variant-alternates: normal; font-size-adjust: none; font-kerning: auto; font-optical-sizing: auto; font-feature-settings: normal; font-variation-settings: normal; font-variant-position: normal; font-variant-emoji: normal; font-stretch: normal; font-size: 7pt; line-height: normal; font-family: &quot;Times New Roman&quot;;\">&nbsp;&nbsp;&nbsp;&nbsp;&nbsp; <\/span><\/span><span lang=\"ES\" style=\"text-align: justify; text-indent: -18pt; background-color: transparent; font-family: &quot;Segoe UI Symbol&quot;, sans-serif;\">\u2060<\/span><span lang=\"ES\" style=\"text-align: justify; text-indent: -18pt; background-color: transparent;\">Plan de Manejo de Tr<\/span><span lang=\"ES\" style=\"text-align: justify; text-indent: -18pt; background-color: transparent;\">\u00e1<\/span><span lang=\"ES\" style=\"text-align: justify; text-indent: -18pt; background-color: transparent;\">nsito (PMT) expedido ante el&nbsp;<\/span><span lang=\"ES\" style=\"text-align: justify; text-indent: -18pt; background-color: transparent;\">Instituto Municipal de Tr<\/span><span lang=\"ES\" style=\"text-align: justify; text-indent: -18pt; background-color: transparent;\">\u00e1<\/span><span lang=\"ES\" style=\"text-align: justify; text-indent: -18pt; background-color: transparent;\">nsito y Transporte de Soledad.<\/span><\/p>\n<p style=\"text-align: start; text-indent: 0px; \"><span lang=\"ES\" style=\"text-align: justify; text-indent: -18pt; background-color: transparent;\">7.<span style=\"font-variant-numeric: normal; font-variant-east-asian: normal; font-variant-alternates: normal; font-size-adjust: none; font-kerning: auto; font-optical-sizing: auto; font-feature-settings: normal; font-variation-settings: normal; font-variant-position: normal; font-variant-emoji: normal; font-stretch: normal; font-size: 7pt; line-height: normal; font-family: &quot;Times New Roman&quot;;\">&nbsp;&nbsp;&nbsp;&nbsp;&nbsp; <\/span><\/span><span lang=\"ES\" style=\"text-align: justify; text-indent: -18pt; background-color: transparent; font-family: &quot;Segoe UI Symbol&quot;, sans-serif;\">\u2060<\/span><span lang=\"ES\" style=\"text-align: justify; text-indent: -18pt; background-color: transparent;\">Licencia de Intervenci<\/span><span lang=\"ES\" style=\"text-align: justify; text-indent: -18pt; background-color: transparent;\">\u00f3<\/span><span lang=\"ES\" style=\"text-align: justify; text-indent: -18pt; background-color: transparent;\">n al Espacio P<\/span><span lang=\"ES\" style=\"text-align: justify; text-indent: -18pt; background-color: transparent;\">\u00fa<\/span><span lang=\"ES\" style=\"text-align: justify; text-indent: -18pt; background-color: transparent;\">blico expedido ante la Secretar<\/span><span lang=\"ES\" style=\"text-align: justify; text-indent: -18pt; background-color: transparent;\">\u00ed<\/span><span lang=\"ES\" style=\"text-align: justify; text-indent: -18pt; background-color: transparent;\">a de Planeaci\u00f3n.<\/span><\/p>\n<p style=\"text-align: start; text-indent: 0px; \"><span lang=\"ES\" style=\"text-align: justify; text-indent: -18pt; background-color: transparent;\">8.<span style=\"font-variant-numeric: normal; font-variant-east-asian: normal; font-variant-alternates: normal; font-size-adjust: none; font-kerning: auto; font-optical-sizing: auto; font-feature-settings: normal; font-variation-settings: normal; font-variant-position: normal; font-variant-emoji: normal; font-stretch: normal; font-size: 7pt; line-height: normal; font-family: &quot;Times New Roman&quot;;\">&nbsp;&nbsp;&nbsp;&nbsp;&nbsp; <\/span><\/span><span lang=\"ES\" style=\"text-align: justify; text-indent: -18pt; background-color: transparent; font-family: &quot;Segoe UI Symbol&quot;, sans-serif;\">\u2060<\/span><span lang=\"ES\" style=\"text-align: justify; text-indent: -18pt; background-color: transparent;\">Original de las siguientes p<\/span><span lang=\"ES\" style=\"text-align: justify; text-indent: -18pt; background-color: transparent;\">\u00f3<\/span><span lang=\"ES\" style=\"text-align: justify; text-indent: -18pt; background-color: transparent;\">lizas constituidas a favor&nbsp;<\/span><span lang=\"ES\" style=\"text-align: justify; text-indent: -18pt; background-color: transparent;\">del municipio de Soledad expedidas por una compa<\/span><span lang=\"ES\" style=\"text-align: justify; text-indent: -18pt; background-color: transparent;\">\u00f1\u00ed<\/span><span lang=\"ES\" style=\"text-align: justify; text-indent: -18pt; background-color: transparent;\">a de seguros legalmente establecida en Colombia:&nbsp;<\/span><\/p>\n<p style=\"text-align: start; text-indent: 0px; \"><span style=\"font-family: Symbol; text-align: justify; text-indent: -18pt; background-color: transparent;\">\u00b7<\/span><span style=\"text-align: justify; text-indent: -18pt; background-color: transparent; font-variant-numeric: normal; font-variant-east-asian: normal; font-variant-alternates: normal; font-size-adjust: none; font-kerning: auto; font-optical-sizing: auto; font-feature-settings: normal; font-variation-settings: normal; font-variant-position: normal; font-variant-emoji: normal; font-stretch: normal; font-size: 7pt; line-height: normal; font-family: &quot;Times New Roman&quot;;\">&nbsp; &nbsp; &nbsp; &nbsp;&nbsp;<\/span><b style=\"text-align: justify; text-indent: -18pt; background-color: transparent;\">De responsabilidad civil&nbsp;<\/b><b style=\"text-align: justify; text-indent: -18pt; background-color: transparent;\">extracontractual:<\/b><span lang=\"ES\" style=\"text-align: justify; text-indent: -18pt; background-color: transparent;\"> por un valor equivalente al 30% del&nbsp;<\/span><span style=\"text-align: justify; text-indent: -18pt; background-color: transparent;\">valor del presupuesto de la obra con una vigencia igual al t\u00e9rmino de la&nbsp;<\/span><span style=\"text-align: justify; text-indent: -18pt; background-color: transparent;\">expedici\u00f3n del permiso y ciento cincuenta (150) d\u00edas m\u00e1s.<\/span><\/p>\n<p style=\"text-align: start; text-indent: 0px; \"><span style=\"font-family: Symbol; text-align: justify; text-indent: -18pt; background-color: transparent;\">\u00b7<\/span><span style=\"text-align: justify; text-indent: -18pt; background-color: transparent; font-variant-numeric: normal; font-variant-east-asian: normal; font-variant-alternates: normal; font-size-adjust: none; font-kerning: auto; font-optical-sizing: auto; font-feature-settings: normal; font-variation-settings: normal; font-variant-position: normal; font-variant-emoji: normal; font-stretch: normal; font-size: 7pt; line-height: normal; font-family: &quot;Times New Roman&quot;;\">&nbsp; &nbsp;&nbsp;<\/span><b style=\"text-align: justify; text-indent: -18pt; background-color: transparent;\">De estabilidad de la obra:<\/b><span lang=\"ES\" style=\"text-align: justify; text-indent: -18pt; background-color: transparent;\"> por un valor equivalente al 30% del valor del presupuesto de la obra y&nbsp;<\/span><span style=\"text-align: justify; text-indent: -18pt; background-color: transparent;\">cinco (5) a\u00f1os a partir de la fecha de terminaci\u00f3n de los trabajos.<\/span><\/p>\n<p style=\"text-align: start; text-indent: 0px; \"><span lang=\"ES\" style=\"text-align: justify; text-indent: -18pt; background-color: transparent;\">9.<span style=\"font-variant-numeric: normal; font-variant-east-asian: normal; font-variant-alternates: normal; font-size-adjust: none; font-kerning: auto; font-optical-sizing: auto; font-feature-settings: normal; font-variation-settings: normal; font-variant-position: normal; font-variant-emoji: normal; font-stretch: normal; font-size: 7pt; line-height: normal; font-family: &quot;Times New Roman&quot;;\">&nbsp;&nbsp;&nbsp;&nbsp;&nbsp; <\/span><\/span><span lang=\"ES\" style=\"text-align: justify; text-indent: -18pt; background-color: transparent; font-family: &quot;Segoe UI Symbol&quot;, sans-serif;\">\u2060<\/span><span lang=\"ES\" style=\"text-align: justify; text-indent: -18pt; background-color: transparent;\">Volante de pago correspondiente al&nbsp;<\/span><span lang=\"ES\" style=\"text-align: justify; text-indent: -18pt; background-color: transparent;\">servicio el cual est<\/span><span lang=\"ES\" style=\"text-align: justify; text-indent: -18pt; background-color: transparent;\">\u00e1&nbsp;<\/span><span style=\"text-align: justify; text-indent: -18pt; background-color: transparent;\">establecido por el 10% del porcentaje de la obra (se realizar\u00e1 el env\u00edo de la&nbsp;<\/span><span style=\"text-align: justify; text-indent: -18pt; background-color: transparent;\">correspondiente liquidaci\u00f3n una vez se hayan aportado y verificado los&nbsp;<\/span><span style=\"text-align: justify; text-indent: -18pt; background-color: transparent;\">requisitos previos).<\/span><\/p>\n<p>Para descargar el formato d\u00e9 clic aqu\u00ed \u21d2&nbsp;<a href=\"https:\/\/edumas.gov.co\/wp-content\/uploads\/2024\/10\/3.-Fornulario-permiso-de-roturas-08.2024.pdf\" target=\"_blank\" rel=\"noopener noreferrer\">FORMATO REGISTRO PERMISO ROTURA<\/a><\/p><\/div>\n\t\t\t\t<\/div>\n\t\t\t\t\t\t\t<div class=\"elementor-accordion-item\">\n\t\t\t\t\t<div id=\"elementor-tab-title-1532\" class=\"elementor-tab-title\" data-tab=\"2\" role=\"button\" aria-controls=\"elementor-tab-content-1532\" aria-expanded=\"false\">\n\t\t\t\t\t\t\t\t\t\t\t\t\t<span class=\"elementor-accordion-icon elementor-accordion-icon-left\" aria-hidden=\"true\">\n\t\t\t\t\t\t\t\t\t\t\t\t\t\t\t<span class=\"elementor-accordion-icon-closed\"><i class=\"fas fa-plus\"><\/i><\/span>\n\t\t\t\t\t\t\t\t<span class=\"elementor-accordion-icon-opened\"><i class=\"fas fa-minus\"><\/i><\/span>\n\t\t\t\t\t\t\t\t\t\t\t\t\t\t<\/span>\n\t\t\t\t\t\t\t\t\t\t\t\t<a class=\"elementor-accordion-title\" tabindex=\"0\">Solicitud Permiso Ocupaci\u00f3n temporal del espacio p\u00fablico<\/a>\n\t\t\t\t\t<\/div>\n\t\t\t\t\t<div id=\"elementor-tab-content-1532\" class=\"elementor-tab-content elementor-clearfix\" data-tab=\"2\" role=\"region\" aria-labelledby=\"elementor-tab-title-1532\"><p class=\"x_MsoNormal\"><b>Pasos a seguir:<u><\/u><u><\/u><\/b><\/p><p class=\"x_MsoNormal\">Descargue y diligencie el formato de\u00a0<b>Registro de Ocupaci\u00f3n Temporal del Espacio P\u00fablico\u00a0<\/b>y anexe los siguientes documentos:<u><\/u><u><\/u><\/p><p class=\"x_MsoNormal\"><u><\/u>\u00a0<u><\/u><\/p><p class=\"x_MsoNormal\"><u><\/u>1.\u00a0\u00a0\u00a0\u00a0\u00a0\u00a0\u00a0<u><\/u>Copia de la c\u00e9dula de ciudadan\u00eda del solicitante.<u><\/u><u><\/u><\/p><p class=\"x_MsoNormal\"><u><\/u>2.\u00a0\u00a0\u00a0\u00a0\u00a0\u00a0\u00a0<u><\/u>Copia del documento de identidad del representante legal en caso que no sea la misma persona que lo solicita.<u><\/u><u><\/u><\/p><p class=\"x_MsoNormal\"><u><\/u>3.\u00a0\u00a0\u00a0\u00a0\u00a0\u00a0\u00a0<u><\/u>Certificado de C\u00e1mara de Comercio y RUT con un tiempo menor a treinta (30) d\u00edas.<u><\/u><u><\/u><\/p><p class=\"x_MsoNormal\"><u><\/u>4.\u00a0\u00a0\u00a0\u00a0\u00a0\u00a0\u00a0<u><\/u>Anexar el formulario de registro correspondiente debidamente diligenciado.<u><\/u><u><\/u><\/p><p class=\"x_m_1465250976505166803MsoListParagraph\"><u><\/u>\u00b7 Realizar y adjuntar volante pago bajo el convenio No 45926, c\u00f3digo de pago No 2, Bancolombia<br aria-hidden=\"true\" \/>(UNA VEZ CUANDO SE LE GENERE LA LIQUIDACI\u00d3N)<\/p><p>Para descargar el formato Da clic aqu\u00ed \u21d2\u00a0<a href=\"https:\/\/edumas.gov.co\/wp-content\/uploads\/2024\/10\/4.-Solicitud-de-ocupacion-temporal-del-espacio-publico-08-2024.pdf\" target=\"_blank\" rel=\"noopener noreferrer\">FORMATO REGISTRO OCUPACI\u00d3N TEMPORAL DEL ESPACIO<\/a><\/p><\/div>\n\t\t\t\t<\/div>\n\t\t\t\t\t\t\t\t<\/div>\n\t\t\t\t\t\t<\/div>\n\t\t\t\t<\/div>\n\t\t\t\t\t<\/div>\n\t\t<\/div>\n\t\t\t\t\t<\/div>\n\t\t<\/section>\n\t\t\t\t\t<\/div>\n\t\t<\/div>\n\t\t\t\t\t<\/div>\n\t\t<\/section>\n\t\t\t\t<\/div>\n\t\t","protected":false},"excerpt":{"rendered":"<p>Solicitud Permisos de Roturas Pasos a seguir: Descargue y diligencie el formato de&nbsp;Registro Permiso Rotura&nbsp;y anexe los siguientes documentos: 1. Formato de Registro Permiso Rotura diligenciado. 2.&nbsp;Planos a escala donde se se\u00f1alan las \u00e1reas a intervenir, firmados por el ingeniero o&nbsp;arquitecto responsable de la obra.&nbsp; 3.&nbsp;&nbsp;&nbsp;&nbsp;&nbsp; Diagn\u00f3stico&nbsp;de la situaci\u00f3n&nbsp;estructural del pavimento o infraestructura a intervenir [&hellip;]<\/p>\n","protected":false},"author":1,"featured_media":0,"parent":0,"menu_order":0,"comment_status":"closed","ping_status":"closed","template":"","meta":{"footnotes":""},"class_list":["post-3021","page","type-page","status-publish","hentry"],"yoast_head":"<!-- This site is optimized with the Yoast SEO plugin v27.4 - https:\/\/yoast.com\/product\/yoast-seo-wordpress\/ -->\n<title>Tr\u00e1mites espacio p\u00fablico - Edumas<\/title>\n<meta name=\"robots\" content=\"index, follow, max-snippet:-1, max-image-preview:large, max-video-preview:-1\" \/>\n<link rel=\"canonical\" href=\"https:\/\/edumas.gov.co\/inicio\/registro-permiso-temporal-ocupacion-espacio-publico\/\" \/>\n<meta property=\"og:locale\" content=\"es_ES\" \/>\n<meta property=\"og:type\" content=\"article\" \/>\n<meta property=\"og:title\" content=\"Tr\u00e1mites espacio p\u00fablico - Edumas\" \/>\n<meta property=\"og:description\" content=\"Solicitud Permisos de Roturas Pasos a seguir: Descargue y diligencie el formato de&nbsp;Registro Permiso Rotura&nbsp;y anexe los siguientes documentos: 1. Formato de Registro Permiso Rotura diligenciado. 2.&nbsp;Planos a escala donde se se\u00f1alan las \u00e1reas a intervenir, firmados por el ingeniero o&nbsp;arquitecto responsable de la obra.&nbsp; 3.&nbsp;&nbsp;&nbsp;&nbsp;&nbsp; Diagn\u00f3stico&nbsp;de la situaci\u00f3n&nbsp;estructural del pavimento o infraestructura a intervenir [&hellip;]\" \/>\n<meta property=\"og:url\" content=\"https:\/\/edumas.gov.co\/inicio\/registro-permiso-temporal-ocupacion-espacio-publico\/\" \/>\n<meta property=\"og:site_name\" content=\"Edumas\" \/>\n<meta property=\"article:modified_time\" content=\"2025-11-07T17:17:48+00:00\" \/>\n<meta name=\"twitter:card\" content=\"summary_large_image\" \/>\n<meta name=\"twitter:label1\" content=\"Tiempo de lectura\" \/>\n\t<meta name=\"twitter:data1\" content=\"2 minutos\" \/>\n<script type=\"application\/ld+json\" class=\"yoast-schema-graph\">{\"@context\":\"https:\\\/\\\/schema.org\",\"@graph\":[{\"@type\":\"WebPage\",\"@id\":\"https:\\\/\\\/edumas.gov.co\\\/inicio\\\/registro-permiso-temporal-ocupacion-espacio-publico\\\/\",\"url\":\"https:\\\/\\\/edumas.gov.co\\\/inicio\\\/registro-permiso-temporal-ocupacion-espacio-publico\\\/\",\"name\":\"Tr\u00e1mites espacio p\u00fablico - Edumas\",\"isPartOf\":{\"@id\":\"https:\\\/\\\/edumas.gov.co\\\/inicio\\\/#website\"},\"datePublished\":\"2024-10-02T16:41:52+00:00\",\"dateModified\":\"2025-11-07T17:17:48+00:00\",\"breadcrumb\":{\"@id\":\"https:\\\/\\\/edumas.gov.co\\\/inicio\\\/registro-permiso-temporal-ocupacion-espacio-publico\\\/#breadcrumb\"},\"inLanguage\":\"es\",\"potentialAction\":[{\"@type\":\"ReadAction\",\"target\":[\"https:\\\/\\\/edumas.gov.co\\\/inicio\\\/registro-permiso-temporal-ocupacion-espacio-publico\\\/\"]}]},{\"@type\":\"BreadcrumbList\",\"@id\":\"https:\\\/\\\/edumas.gov.co\\\/inicio\\\/registro-permiso-temporal-ocupacion-espacio-publico\\\/#breadcrumb\",\"itemListElement\":[{\"@type\":\"ListItem\",\"position\":1,\"name\":\"Portada\",\"item\":\"https:\\\/\\\/edumas.gov.co\\\/inicio\\\/\"},{\"@type\":\"ListItem\",\"position\":2,\"name\":\"Tr\u00e1mites espacio p\u00fablico\"}]},{\"@type\":\"WebSite\",\"@id\":\"https:\\\/\\\/edumas.gov.co\\\/inicio\\\/#website\",\"url\":\"https:\\\/\\\/edumas.gov.co\\\/inicio\\\/\",\"name\":\"Edumas\",\"description\":\"Edumas\",\"publisher\":{\"@id\":\"https:\\\/\\\/edumas.gov.co\\\/inicio\\\/#organization\"},\"potentialAction\":[{\"@type\":\"SearchAction\",\"target\":{\"@type\":\"EntryPoint\",\"urlTemplate\":\"https:\\\/\\\/edumas.gov.co\\\/inicio\\\/?s={search_term_string}\"},\"query-input\":{\"@type\":\"PropertyValueSpecification\",\"valueRequired\":true,\"valueName\":\"search_term_string\"}}],\"inLanguage\":\"es\"},{\"@type\":\"Organization\",\"@id\":\"https:\\\/\\\/edumas.gov.co\\\/inicio\\\/#organization\",\"name\":\"Edumas\",\"url\":\"https:\\\/\\\/edumas.gov.co\\\/inicio\\\/\",\"logo\":{\"@type\":\"ImageObject\",\"inLanguage\":\"es\",\"@id\":\"https:\\\/\\\/edumas.gov.co\\\/inicio\\\/#\\\/schema\\\/logo\\\/image\\\/\",\"url\":\"https:\\\/\\\/edumas.gov.co\\\/wp-content\\\/uploads\\\/2024\\\/10\\\/Perfil-Instagram-PhotoRoom.png-PhotoRoom.png\",\"contentUrl\":\"https:\\\/\\\/edumas.gov.co\\\/wp-content\\\/uploads\\\/2024\\\/10\\\/Perfil-Instagram-PhotoRoom.png-PhotoRoom.png\",\"width\":648,\"height\":233,\"caption\":\"Edumas\"},\"image\":{\"@id\":\"https:\\\/\\\/edumas.gov.co\\\/inicio\\\/#\\\/schema\\\/logo\\\/image\\\/\"}}]}<\/script>\n<!-- \/ Yoast SEO plugin. -->","yoast_head_json":{"title":"Tr\u00e1mites espacio p\u00fablico - Edumas","robots":{"index":"index","follow":"follow","max-snippet":"max-snippet:-1","max-image-preview":"max-image-preview:large","max-video-preview":"max-video-preview:-1"},"canonical":"https:\/\/edumas.gov.co\/inicio\/registro-permiso-temporal-ocupacion-espacio-publico\/","og_locale":"es_ES","og_type":"article","og_title":"Tr\u00e1mites espacio p\u00fablico - Edumas","og_description":"Solicitud Permisos de Roturas Pasos a seguir: Descargue y diligencie el formato de&nbsp;Registro Permiso Rotura&nbsp;y anexe los siguientes documentos: 1. Formato de Registro Permiso Rotura diligenciado. 2.&nbsp;Planos a escala donde se se\u00f1alan las \u00e1reas a intervenir, firmados por el ingeniero o&nbsp;arquitecto responsable de la obra.&nbsp; 3.&nbsp;&nbsp;&nbsp;&nbsp;&nbsp; Diagn\u00f3stico&nbsp;de la situaci\u00f3n&nbsp;estructural del pavimento o infraestructura a intervenir [&hellip;]","og_url":"https:\/\/edumas.gov.co\/inicio\/registro-permiso-temporal-ocupacion-espacio-publico\/","og_site_name":"Edumas","article_modified_time":"2025-11-07T17:17:48+00:00","twitter_card":"summary_large_image","twitter_misc":{"Tiempo de lectura":"2 minutos"},"schema":{"@context":"https:\/\/schema.org","@graph":[{"@type":"WebPage","@id":"https:\/\/edumas.gov.co\/inicio\/registro-permiso-temporal-ocupacion-espacio-publico\/","url":"https:\/\/edumas.gov.co\/inicio\/registro-permiso-temporal-ocupacion-espacio-publico\/","name":"Tr\u00e1mites espacio p\u00fablico - Edumas","isPartOf":{"@id":"https:\/\/edumas.gov.co\/inicio\/#website"},"datePublished":"2024-10-02T16:41:52+00:00","dateModified":"2025-11-07T17:17:48+00:00","breadcrumb":{"@id":"https:\/\/edumas.gov.co\/inicio\/registro-permiso-temporal-ocupacion-espacio-publico\/#breadcrumb"},"inLanguage":"es","potentialAction":[{"@type":"ReadAction","target":["https:\/\/edumas.gov.co\/inicio\/registro-permiso-temporal-ocupacion-espacio-publico\/"]}]},{"@type":"BreadcrumbList","@id":"https:\/\/edumas.gov.co\/inicio\/registro-permiso-temporal-ocupacion-espacio-publico\/#breadcrumb","itemListElement":[{"@type":"ListItem","position":1,"name":"Portada","item":"https:\/\/edumas.gov.co\/inicio\/"},{"@type":"ListItem","position":2,"name":"Tr\u00e1mites espacio p\u00fablico"}]},{"@type":"WebSite","@id":"https:\/\/edumas.gov.co\/inicio\/#website","url":"https:\/\/edumas.gov.co\/inicio\/","name":"Edumas","description":"Edumas","publisher":{"@id":"https:\/\/edumas.gov.co\/inicio\/#organization"},"potentialAction":[{"@type":"SearchAction","target":{"@type":"EntryPoint","urlTemplate":"https:\/\/edumas.gov.co\/inicio\/?s={search_term_string}"},"query-input":{"@type":"PropertyValueSpecification","valueRequired":true,"valueName":"search_term_string"}}],"inLanguage":"es"},{"@type":"Organization","@id":"https:\/\/edumas.gov.co\/inicio\/#organization","name":"Edumas","url":"https:\/\/edumas.gov.co\/inicio\/","logo":{"@type":"ImageObject","inLanguage":"es","@id":"https:\/\/edumas.gov.co\/inicio\/#\/schema\/logo\/image\/","url":"https:\/\/edumas.gov.co\/wp-content\/uploads\/2024\/10\/Perfil-Instagram-PhotoRoom.png-PhotoRoom.png","contentUrl":"https:\/\/edumas.gov.co\/wp-content\/uploads\/2024\/10\/Perfil-Instagram-PhotoRoom.png-PhotoRoom.png","width":648,"height":233,"caption":"Edumas"},"image":{"@id":"https:\/\/edumas.gov.co\/inicio\/#\/schema\/logo\/image\/"}}]}},"_links":{"self":[{"href":"https:\/\/edumas.gov.co\/inicio\/wp-json\/wp\/v2\/pages\/3021","targetHints":{"allow":["GET"]}}],"collection":[{"href":"https:\/\/edumas.gov.co\/inicio\/wp-json\/wp\/v2\/pages"}],"about":[{"href":"https:\/\/edumas.gov.co\/inicio\/wp-json\/wp\/v2\/types\/page"}],"author":[{"embeddable":true,"href":"https:\/\/edumas.gov.co\/inicio\/wp-json\/wp\/v2\/users\/1"}],"replies":[{"embeddable":true,"href":"https:\/\/edumas.gov.co\/inicio\/wp-json\/wp\/v2\/comments?post=3021"}],"version-history":[{"count":18,"href":"https:\/\/edumas.gov.co\/inicio\/wp-json\/wp\/v2\/pages\/3021\/revisions"}],"predecessor-version":[{"id":6601,"href":"https:\/\/edumas.gov.co\/inicio\/wp-json\/wp\/v2\/pages\/3021\/revisions\/6601"}],"wp:attachment":[{"href":"https:\/\/edumas.gov.co\/inicio\/wp-json\/wp\/v2\/media?parent=3021"}],"curies":[{"name":"wp","href":"https:\/\/api.w.org\/{rel}","templated":true}]}}